{"id":2182,"date":"2021-10-18T22:30:24","date_gmt":"2021-10-19T02:30:24","guid":{"rendered":"https:\/\/www.institutcamirandmuzzi.com\/?post_type=event_listing&#038;p=2182"},"modified":"2026-04-11T13:18:53","modified_gmt":"2026-04-11T17:18:53","slug":"manipulations-des-disques-intervertebraux-alain-crobier-d-o","status":"expired","type":"event_listing","link":"https:\/\/www.institutcamirandmuzzi.com\/en\/event\/manipulations-des-disques-intervertebraux-alain-crobier-d-o\/","title":{"rendered":"Manipulations des disques intervert\u00e9braux Alain Croibier D.O."},"content":{"rendered":"<p><strong>S\u00e9minaire de 3 jours, 26-27-28 novembre 2025<\/strong><\/p>\n<p><strong>Horaire : 9h \u00e0 17h30.<\/strong><\/p>\n<p><strong>Pause midi: 1h30<\/strong><\/p>\n<p><strong>Cours donn\u00e9 en fran\u00e7ais.<\/strong><\/p>\n<p style=\"font-weight: 400;\"><strong>Manipulations<\/strong><strong> discales, <\/strong><strong>Avec\u00a0Alain Croibier<\/strong><\/p>\n<h4>Description de la formation<\/h4>\n<p>Cette formation propose une approche sp\u00e9cialis\u00e9e des pathologies discales bas\u00e9e sur l\u2019expertise d\u00e9velopp\u00e9e par Alain Croibier, en collaboration avec Jean-Pierre Barral et le Dr Xavier Delannoy.<\/p>\n<p>Elle permet d\u2019approfondir la compr\u00e9hension des disques intervert\u00e9braux \u00e0 travers leurs dimensions anatomiques, biom\u00e9caniques et physiopathologiques, tout en d\u00e9veloppant une approche clinique rigoureuse et diff\u00e9renci\u00e9e.<\/p>\n<p>Les participants seront amen\u00e9s \u00e0 affiner leur capacit\u00e9 d\u2019\u00e9valuation des dysfonctions discales et \u00e0 appliquer des techniques sp\u00e9cifiques visant \u00e0 am\u00e9liorer la prise en charge des patients pr\u00e9sentant des pathologies discales.<\/p>\n<p>Une attention particuli\u00e8re est port\u00e9e au diagnostic diff\u00e9rentiel, \u00e0 l\u2019int\u00e9gration des donn\u00e9es d\u2019imagerie ainsi qu\u2019\u00e0 l\u2019application de techniques manuelles adapt\u00e9es aux diff\u00e9rentes r\u00e9gions de la colonne vert\u00e9brale.<\/p>\n<h4>Objectifs de la formation<\/h4>\n<p>\u00c0 l\u2019issue de la formation, le participant sera en mesure de :<\/p>\n<ul>\n<li>Comprendre l\u2019anatomie, la biom\u00e9canique et la physiopathologie des disques intervert\u00e9braux<\/li>\n<li>Identifier les principales pathologies discales et leurs manifestations cliniques<\/li>\n<li>R\u00e9aliser un diagnostic diff\u00e9rentiel entre les dysfonctions ost\u00e9oarticulaires et discales<\/li>\n<li>\u00c9valuer les tensions discales \u00e0 la palpation<\/li>\n<li>Appliquer des techniques ost\u00e9opathiques sp\u00e9cifiques adapt\u00e9es aux pathologies discales<\/li>\n<li>Int\u00e9grer une approche globale dans la prise en charge des patients<\/li>\n<\/ul>\n<p>Objectifs sp\u00e9cifiques \u2013 partie th\u00e9orique<\/p>\n<p>\u00c0 l\u2019issue de la formation, le participant sera en mesure de :<\/p>\n<ul>\n<li>D\u00e9crire l\u2019anatomie et la biochimie du disque intervert\u00e9bral<\/li>\n<li>Expliquer les m\u00e9canismes de d\u00e9g\u00e9n\u00e9rescence discale<\/li>\n<li>Comprendre la biom\u00e9canique discale<\/li>\n<li>Interpr\u00e9ter les principales donn\u00e9es d\u2019imagerie discale<\/li>\n<li>Identifier les diff\u00e9rentes pathologies discales<\/li>\n<\/ul>\n<p>Objectifs sp\u00e9cifiques \u2013 partie pratique<\/p>\n<p>\u00c0 l\u2019issue de la formation, le participant sera en mesure de :<\/p>\n<ul>\n<li>\u00c9valuer les tensions discales sur les diff\u00e9rents segments vert\u00e9braux<\/li>\n<li>R\u00e9aliser un diagnostic diff\u00e9rentiel clinique<\/li>\n<li>Appliquer des techniques discales sp\u00e9cifiques<\/li>\n<li>Int\u00e9grer les approches neurovasculaires dans le traitement<\/li>\n<li>Adapter les techniques selon les indications et contre-indications<\/li>\n<\/ul>\n<h4>Format de la formation en pr\u00e9sentiel<\/h4>\n<ul>\n<li>Dur\u00e9e : 3 jours. 21 heures<\/li>\n<li>Horaire : 9h \u00e0 17h30<\/li>\n<li>Langue : fran\u00e7ais<\/li>\n<li>Public cible : ost\u00e9opathes dipl\u00f4m\u00e9s<\/li>\n<\/ul>\n<h4>Plan de formation<\/h4>\n<p><strong>Jour 1<\/strong><\/p>\n<p>Avant-midi<\/p>\n<ul>\n<li>Anatomie du disque intervert\u00e9bral<\/li>\n<li>Biochimie du disque<\/li>\n<li>D\u00e9gradation physiologique et pathologique<\/li>\n<li>Biom\u00e9canique discale<\/li>\n<li>Diagnostic diff\u00e9rentiel<\/li>\n<\/ul>\n<p>Apr\u00e8s-midi<\/p>\n<ul>\n<li>Pathologies discales<\/li>\n<li>\u00c9valuation des tensions discales<\/li>\n<li>Approche cervicale, dorsale et lombaire<\/li>\n<\/ul>\n<p><strong>Jour 2<\/strong><\/p>\n<p>Avant-midi<\/p>\n<ul>\n<li>Fonctions du disque<\/li>\n<li>Imagerie discale<\/li>\n<li>Classification des pathologies<\/li>\n<li>D\u00e9g\u00e9n\u00e9rescence discale<\/li>\n<\/ul>\n<p>Apr\u00e8s-midi<\/p>\n<ul>\n<li>\u00c9tiologie des discopathies<\/li>\n<li>Douleurs discog\u00e9niques<\/li>\n<li>Techniques disconeurales<\/li>\n<li>Approche du sacrum et du coccyx<\/li>\n<\/ul>\n<p><strong>Jour 3<\/strong><\/p>\n<ul>\n<li>Approche art\u00e9rio-veineuse p\u00e9ridiscale<\/li>\n<li>Approche des plexus veineux<\/li>\n<li>Conseils hygi\u00e9no-di\u00e9t\u00e9tiques<\/li>\n<li>Exercices sp\u00e9cifiques<\/li>\n<li>Contre-indications<\/li>\n<li>Int\u00e9gration clinique<\/li>\n<\/ul>\n<h4>M\u00e9thodes p\u00e9dagogiques<\/h4>\n<ul>\n<li>Expos\u00e9s th\u00e9oriques<\/li>\n<li>D\u00e9monstrations pratiques<\/li>\n<li>Pratique supervis\u00e9e<\/li>\n<li>\u00c9tudes de cas<\/li>\n<li>\u00c9changes cliniques<\/li>\n<\/ul>\n<h4>M\u00e9thodes d\u2019\u00e9valuation des apprentissages<\/h4>\n<p>L\u2019\u00e9valuation repose sur une approche formative continue :<\/p>\n<ul>\n<li>observation des participants lors des pratiques<\/li>\n<li>participation active<\/li>\n<li>int\u00e9gration des concepts<\/li>\n<li>qualit\u00e9 d\u2019ex\u00e9cution des techniques<\/li>\n<\/ul>\n<p>Des r\u00e9troactions sont fournies tout au long de la formation.<\/p>\n<p><strong>Un questionnaire d\u2019\u00e9valuation<\/strong> est \u00e9galement remis aux participants \u00e0 la fin de la formation afin d\u2019\u00e9valuer le contenu, les m\u00e9thodes p\u00e9dagogiques, l\u2019organisation ainsi que les conditions mat\u00e9rielles (lieux, logistique, etc.), dans une perspective d\u2019am\u00e9lioration continue.<\/p>\n<h4 style=\"font-weight: 400;\"><strong>Biographie<\/strong><\/h4>\n<h2><strong>Alain CROIBIER<\/strong><\/h2>\n<p style=\"font-weight: 400;\">Alain Croibier est Ost\u00e9opathe D.O, MRO(F) dipl\u00f4m\u00e9 du Coll\u00e8ge ost\u00e9opathique Andrew Taylor Still Academy, France depuis 1991. Il est membre de l\u2019Acad\u00e9mie d\u2019ost\u00e9opathie de France et est titulaire d\u2019un Master de sciences de l\u2019homme et de la soci\u00e9t\u00e9 et d\u2019un\u00a0 dipl\u00f4me universitaire en recherche\u00a0 Clinique\u00a0 \u00e0 Lyon. Il est conf\u00e9rencier international depuis plusieurs ann\u00e9es en France, Suisse, Ecosse, Italie, Hollande, Danemark, Allemagne, Hong-Kong, Japon, Australie\u2026. Il est \u00e9galement intervenant r\u00e9gulier en cours post-gradu\u00e9s aux USA pour <strong>International Alliance of Healthcare Educators<\/strong>. Depuis 1991, il a particip\u00e9 \u00e0 de nombreuses recherches personnelles (bibliographiques, cliniques et exp\u00e9rimentales) sur la m\u00e9canique humaine et la clinique ost\u00e9opathique.\u00a0 Il est auteur ou co-auteur avec Jean-Pierre Barral de 9 ouvrages dont \u00ab\u00a0<strong>Manipulations des disques intervert\u00e9braux\u00a0\u00bb<\/strong>, livre paru aux \u00e9ditions Elsevier-Masson en 2018.<\/p>\n<p>&nbsp;<\/p>\n<h4>Publications, Livres<\/h4>\n<ul>\n<li>1993\u00a0: En collaboration avec Jean-Jacques PAPASSIN, publication de la planche murale\u00a0: <strong>le clavier ost\u00e9opathique <\/strong>accompagn\u00e9 de son livret explicatif de 28 pages. Publication \u00e0 compte d\u2019auteur. Traduit en allemand et en anglais.<\/li>\n<li>1997\u00a0: En collaboration avec Jean-Pierre BARRAL, <strong>Approche ost\u00e9opathique du traumatisme<\/strong>, livre paru aux \u00e9ditions Actes Graphiques. Ouvrage traduit en anglais, allemand, italien, russe.<\/li>\n<li>2004\u00a0: En collaboration avec Jean-Pierre BARRAL, <strong>Manipulations des nerfs p\u00e9riph\u00e9riques,<\/strong> livre paru aux \u00e9ditions Elsevier. Ouvrage traduit en anglais, allemand italien et espagnol.<\/li>\n<li>2005\u00a0: <strong>Diagnostic ost\u00e9opathique g\u00e9n\u00e9ral<\/strong>, livre paru aux \u00e9ditions Elsevier. Ouvrage traduit en allemand, en anglais et en espagnol.<\/li>\n<li>2006\u00a0: En collaboration avec Jean-Pierre BARRAL, <strong>Manipulations des nerfs cr\u00e2niens<\/strong>, livre paru aux \u00e9ditions Elsevier. Ouvrage traduit en anglais, allemand, italien et espagnol.<\/li>\n<li>2009\u00a0: En collaboration avec Jean-Pierre BARRAL, <strong>Manipulations vasculaires visc\u00e9rales<\/strong>, livre paru aux \u00e9ditions Elsevier. Ouvrage traduit en anglais et en allemand.<\/li>\n<li>2011\u00a0: En collaboration avec Jean-Pierre BARRAL, <strong>Nouvelle Approche<\/strong> <strong>Manipulative\u00a0: <\/strong>G\u00e9n\u00e9ralit\u00e9s et Membre sup\u00e9rieur, livre paru aux \u00e9ditions Elsevier.<\/li>\n<li>2012\u00a0: En collaboration avec Jean-Pierre BARRAL, <strong>Nouvelle Approche<\/strong> <strong>Manipulative\u00a0: <\/strong>Membre inf\u00e9rieur, livre paru aux \u00e9ditions Elsevier.<\/li>\n<li>2013\u00a0: En collaboration avec Jean-Pierre BARRAL, <strong>Manipulations des nerfs p\u00e9riph\u00e9riques,<\/strong> 2\u00b0 Edition, revue et augment\u00e9e, livre paru aux \u00e9ditions Elsevier.<\/li>\n<li>2017\u00a0: En collaboration avec Jean-Pierre BARRAL, <strong>Nouvelle Approche<\/strong> <strong>Manipulative\u00a0: <\/strong>Arthrosyst\u00e9mique vert\u00e9brale et Colonne Cervicale, livre paru aux \u00e9ditions Elsevier.<\/li>\n<li>2018\u00a0: En collaboration avec Jean-Pierre BARRAL et le Dr Xavier Delannoy <strong>Manipulations des disques intervert\u00e9braux<\/strong>, livre paru aux \u00e9ditions Elsevier-Masson.<\/li>\n<\/ul>\n<h4>Articles<\/h4>\n<ul>\n<li><em>La m\u00e9canique dans le concept de Still<\/em> (co-\u00e9crit avec J.J. Papassin). Journal de l\u2019Acad\u00e9mie d\u2019Ost\u00e9opathie, Oct. 98, N\u00b02, 49-52.<\/li>\n<li><em>\u00ab\u00a0R\u00e9silience\u00a0\u00bb\u00a0? Vous avez dit r\u00e9silience\u00a0?<\/em> Journal de l\u2019Acad\u00e9mie d\u2019Ost\u00e9opathie, Printemps 2001, N\u00b08, 36-37.<\/li>\n<li><em>Vous avez dit biom\u00e9canique\u00a0?<\/em> Journal de l\u2019Acad\u00e9mie d\u2019Ost\u00e9opathie, Automne 2001, N\u00b09, 30-35.<\/li>\n<li><em>La r\u00e9f\u00e9rence bibliographique \u00e0 l\u2019honneur<\/em> (1\u00b0 partie). Journal de l\u2019Acad\u00e9mie d\u2019Ost\u00e9opathie, Printemps 2002, N\u00b010, 25-28.<\/li>\n<li><em>La r\u00e9f\u00e9rence bibliographique \u00e0 l\u2019honneur<\/em> (2\u00b0 partie). Journal de l\u2019Acad\u00e9mie d\u2019Ost\u00e9opathie, Automne 2002, N\u00b011-12, 47-48.<\/li>\n<li><em>La dynamique neuro-m\u00e9ning\u00e9e<\/em> (co-\u00e9crit avec Jean-Pierre Barral). Journal de l\u2019Acad\u00e9mie d\u2019Ost\u00e9opathie, Automne 2002, N\u00b011-12, 15-26.<\/li>\n<li><em>La notion de degr\u00e9 de libert\u00e9<\/em>. Journal de l\u2019Acad\u00e9mie d\u2019Ost\u00e9opathie, Automne 2002, N\u00b011-12, 108-112.<\/li>\n<li><em>La recherche et les observations soutiennent l\u2019existence d\u2019un syst\u00e8me cranio-sacr\u00e9<\/em>. Traduction de l\u2019article de John E. Upledger\u00a0: <em>Research and observations support the existence of a craniosacral system<\/em>. Journal de l\u2019Acad\u00e9mie d\u2019Ost\u00e9opathie, Printemps-\u00e9t\u00e9 2003, N\u00b013, 14-35.<\/li>\n<\/ul>\n<p style=\"font-weight: 400;\">\n","protected":false},"featured_media":5597,"template":"","meta":{"_acf_changed":false},"event_listing_category":[59],"event_listing_type":[57],"class_list":["post-2182","event_listing","type-event_listing","status-expired","has-post-thumbnail","hentry","event_listing_category-au-canada","event_listing_type-formation-en-presentiel"],"acf":[],"yoast_head":"<!-- This site is optimized with the Yoast SEO plugin v27.3 - https:\/\/yoast.com\/product\/yoast-seo-wordpress\/ -->\n<title>Manipulations des disques intervert\u00e9braux Alain Croibier D.O. | Institut Camirand Muzzi<\/title>\n<meta name=\"robots\" content=\"index, follow, max-snippet:-1, max-image-preview:large, max-video-preview:-1\" \/>\n<link rel=\"canonical\" href=\"https:\/\/www.institutcamirandmuzzi.com\/evenement\/manipulations-des-disques-intervertebraux-alain-crobier-d-o\/\" \/>\n<meta property=\"og:locale\" content=\"en_US\" \/>\n<meta property=\"og:type\" content=\"article\" \/>\n<meta property=\"og:title\" content=\"Manipulations des disques intervert\u00e9braux Alain Croibier D.O. | Institut Camirand Muzzi\" \/>\n<meta property=\"og:description\" content=\"S\u00e9minaire de 3 jours, 26-27-28 novembre 2025 Horaire : 9h \u00e0 17h30. Pause midi: 1h30 Cours donn\u00e9 en fran\u00e7ais. Manipulations discales, Avec\u00a0Alain Croibier Description de la formation Cette formation propose une approche sp\u00e9cialis\u00e9e des pathologies discales bas\u00e9e sur l\u2019expertise d\u00e9velopp\u00e9e par Alain Croibier, en collaboration avec Jean-Pierre Barral et le Dr Xavier Delannoy. Elle permet ... Manipulations des disques intervert\u00e9braux Alain Croibier D.O.\" \/>\n<meta property=\"og:url\" content=\"https:\/\/www.institutcamirandmuzzi.com\/evenement\/manipulations-des-disques-intervertebraux-alain-crobier-d-o\/\" \/>\n<meta property=\"og:site_name\" content=\"Institut Camirand Muzzi\" \/>\n<meta property=\"article:publisher\" content=\"https:\/\/www.facebook.com\/profile.php?id=100050764137042\" \/>\n<meta property=\"article:modified_time\" content=\"2026-04-11T17:18:53+00:00\" \/>\n<meta property=\"og:image\" content=\"https:\/\/www.institutcamirandmuzzi.com\/wp-content\/uploads\/2025\/10\/Disque-complet.jpg\" \/>\n\t<meta property=\"og:image:width\" content=\"1280\" \/>\n\t<meta property=\"og:image:height\" content=\"720\" \/>\n\t<meta property=\"og:image:type\" content=\"image\/jpeg\" \/>\n<meta name=\"twitter:card\" content=\"summary_large_image\" \/>\n<meta name=\"twitter:site\" content=\"@camirandmuzzi\" \/>\n<meta name=\"twitter:label1\" content=\"Est. reading time\" \/>\n\t<meta name=\"twitter:data1\" content=\"6 minutes\" \/>\n<script type=\"application\/ld+json\" class=\"yoast-schema-graph\">{\"@context\":\"https:\\\/\\\/schema.org\",\"@graph\":[{\"@type\":\"WebPage\",\"@id\":\"https:\\\/\\\/www.institutcamirandmuzzi.com\\\/evenement\\\/manipulations-des-disques-intervertebraux-alain-crobier-d-o\\\/\",\"url\":\"https:\\\/\\\/www.institutcamirandmuzzi.com\\\/evenement\\\/manipulations-des-disques-intervertebraux-alain-crobier-d-o\\\/\",\"name\":\"Manipulations des disques intervert\u00e9braux Alain Croibier D.O. | Institut Camirand Muzzi\",\"isPartOf\":{\"@id\":\"https:\\\/\\\/www.institutcamirandmuzzi.com\\\/#website\"},\"primaryImageOfPage\":{\"@id\":\"https:\\\/\\\/www.institutcamirandmuzzi.com\\\/evenement\\\/manipulations-des-disques-intervertebraux-alain-crobier-d-o\\\/#primaryimage\"},\"image\":{\"@id\":\"https:\\\/\\\/www.institutcamirandmuzzi.com\\\/evenement\\\/manipulations-des-disques-intervertebraux-alain-crobier-d-o\\\/#primaryimage\"},\"thumbnailUrl\":\"https:\\\/\\\/www.institutcamirandmuzzi.com\\\/wp-content\\\/uploads\\\/2025\\\/10\\\/Disque-complet.jpg\",\"datePublished\":\"2021-10-19T02:30:24+00:00\",\"dateModified\":\"2026-04-11T17:18:53+00:00\",\"breadcrumb\":{\"@id\":\"https:\\\/\\\/www.institutcamirandmuzzi.com\\\/evenement\\\/manipulations-des-disques-intervertebraux-alain-crobier-d-o\\\/#breadcrumb\"},\"inLanguage\":\"en-US\",\"potentialAction\":[{\"@type\":\"ReadAction\",\"target\":[\"https:\\\/\\\/www.institutcamirandmuzzi.com\\\/evenement\\\/manipulations-des-disques-intervertebraux-alain-crobier-d-o\\\/\"]}]},{\"@type\":\"ImageObject\",\"inLanguage\":\"en-US\",\"@id\":\"https:\\\/\\\/www.institutcamirandmuzzi.com\\\/evenement\\\/manipulations-des-disques-intervertebraux-alain-crobier-d-o\\\/#primaryimage\",\"url\":\"https:\\\/\\\/www.institutcamirandmuzzi.com\\\/wp-content\\\/uploads\\\/2025\\\/10\\\/Disque-complet.jpg\",\"contentUrl\":\"https:\\\/\\\/www.institutcamirandmuzzi.com\\\/wp-content\\\/uploads\\\/2025\\\/10\\\/Disque-complet.jpg\",\"width\":1280,\"height\":720},{\"@type\":\"BreadcrumbList\",\"@id\":\"https:\\\/\\\/www.institutcamirandmuzzi.com\\\/evenement\\\/manipulations-des-disques-intervertebraux-alain-crobier-d-o\\\/#breadcrumb\",\"itemListElement\":[{\"@type\":\"ListItem\",\"position\":1,\"name\":\"Accueil\",\"item\":\"https:\\\/\\\/www.institutcamirandmuzzi.com\\\/en\\\/\"},{\"@type\":\"ListItem\",\"position\":2,\"name\":\"\u00c9v\u00e8nements\",\"item\":\"https:\\\/\\\/www.institutcamirandmuzzi.com\\\/\u00e9v\u00e9nement\\\/\"},{\"@type\":\"ListItem\",\"position\":3,\"name\":\"Manipulations des disques intervert\u00e9braux Alain Croibier D.O.\"}]},{\"@type\":\"WebSite\",\"@id\":\"https:\\\/\\\/www.institutcamirandmuzzi.com\\\/#website\",\"url\":\"https:\\\/\\\/www.institutcamirandmuzzi.com\\\/\",\"name\":\"Institut Camirand Muzzi\",\"description\":\"Formations continues en ost\u00e9opathie int\u00e9grative\",\"publisher\":{\"@id\":\"https:\\\/\\\/www.institutcamirandmuzzi.com\\\/#organization\"},\"potentialAction\":[{\"@type\":\"SearchAction\",\"target\":{\"@type\":\"EntryPoint\",\"urlTemplate\":\"https:\\\/\\\/www.institutcamirandmuzzi.com\\\/?s={search_term_string}\"},\"query-input\":{\"@type\":\"PropertyValueSpecification\",\"valueRequired\":true,\"valueName\":\"search_term_string\"}}],\"inLanguage\":\"en-US\"},{\"@type\":\"Organization\",\"@id\":\"https:\\\/\\\/www.institutcamirandmuzzi.com\\\/#organization\",\"name\":\"Institut Camirand Muzzi\",\"alternateName\":\"Institut Camirand Muzzi\",\"url\":\"https:\\\/\\\/www.institutcamirandmuzzi.com\\\/\",\"logo\":{\"@type\":\"ImageObject\",\"inLanguage\":\"en-US\",\"@id\":\"https:\\\/\\\/www.institutcamirandmuzzi.com\\\/#\\\/schema\\\/logo\\\/image\\\/\",\"url\":\"https:\\\/\\\/www.institutcamirandmuzzi.com\\\/wp-content\\\/uploads\\\/2021\\\/11\\\/icm.png\",\"contentUrl\":\"https:\\\/\\\/www.institutcamirandmuzzi.com\\\/wp-content\\\/uploads\\\/2021\\\/11\\\/icm.png\",\"width\":250,\"height\":80,\"caption\":\"Institut Camirand Muzzi\"},\"image\":{\"@id\":\"https:\\\/\\\/www.institutcamirandmuzzi.com\\\/#\\\/schema\\\/logo\\\/image\\\/\"},\"sameAs\":[\"https:\\\/\\\/www.facebook.com\\\/profile.php?id=100050764137042\",\"https:\\\/\\\/x.com\\\/camirandmuzzi\"]}]}<\/script>\n<!-- \/ Yoast SEO plugin. -->","yoast_head_json":{"title":"Manipulations des disques intervert\u00e9braux Alain Croibier D.O. | Institut Camirand Muzzi","robots":{"index":"index","follow":"follow","max-snippet":"max-snippet:-1","max-image-preview":"max-image-preview:large","max-video-preview":"max-video-preview:-1"},"canonical":"https:\/\/www.institutcamirandmuzzi.com\/evenement\/manipulations-des-disques-intervertebraux-alain-crobier-d-o\/","og_locale":"en_US","og_type":"article","og_title":"Manipulations des disques intervert\u00e9braux Alain Croibier D.O. | Institut Camirand Muzzi","og_description":"S\u00e9minaire de 3 jours, 26-27-28 novembre 2025 Horaire : 9h \u00e0 17h30. Pause midi: 1h30 Cours donn\u00e9 en fran\u00e7ais. Manipulations discales, Avec\u00a0Alain Croibier Description de la formation Cette formation propose une approche sp\u00e9cialis\u00e9e des pathologies discales bas\u00e9e sur l\u2019expertise d\u00e9velopp\u00e9e par Alain Croibier, en collaboration avec Jean-Pierre Barral et le Dr Xavier Delannoy. Elle permet ... Manipulations des disques intervert\u00e9braux Alain Croibier D.O.","og_url":"https:\/\/www.institutcamirandmuzzi.com\/evenement\/manipulations-des-disques-intervertebraux-alain-crobier-d-o\/","og_site_name":"Institut Camirand Muzzi","article_publisher":"https:\/\/www.facebook.com\/profile.php?id=100050764137042","article_modified_time":"2026-04-11T17:18:53+00:00","og_image":[{"width":1280,"height":720,"url":"https:\/\/www.institutcamirandmuzzi.com\/wp-content\/uploads\/2025\/10\/Disque-complet.jpg","type":"image\/jpeg"}],"twitter_card":"summary_large_image","twitter_site":"@camirandmuzzi","twitter_misc":{"Est. reading time":"6 minutes"},"schema":{"@context":"https:\/\/schema.org","@graph":[{"@type":"WebPage","@id":"https:\/\/www.institutcamirandmuzzi.com\/evenement\/manipulations-des-disques-intervertebraux-alain-crobier-d-o\/","url":"https:\/\/www.institutcamirandmuzzi.com\/evenement\/manipulations-des-disques-intervertebraux-alain-crobier-d-o\/","name":"Manipulations des disques intervert\u00e9braux Alain Croibier D.O. | Institut Camirand Muzzi","isPartOf":{"@id":"https:\/\/www.institutcamirandmuzzi.com\/#website"},"primaryImageOfPage":{"@id":"https:\/\/www.institutcamirandmuzzi.com\/evenement\/manipulations-des-disques-intervertebraux-alain-crobier-d-o\/#primaryimage"},"image":{"@id":"https:\/\/www.institutcamirandmuzzi.com\/evenement\/manipulations-des-disques-intervertebraux-alain-crobier-d-o\/#primaryimage"},"thumbnailUrl":"https:\/\/www.institutcamirandmuzzi.com\/wp-content\/uploads\/2025\/10\/Disque-complet.jpg","datePublished":"2021-10-19T02:30:24+00:00","dateModified":"2026-04-11T17:18:53+00:00","breadcrumb":{"@id":"https:\/\/www.institutcamirandmuzzi.com\/evenement\/manipulations-des-disques-intervertebraux-alain-crobier-d-o\/#breadcrumb"},"inLanguage":"en-US","potentialAction":[{"@type":"ReadAction","target":["https:\/\/www.institutcamirandmuzzi.com\/evenement\/manipulations-des-disques-intervertebraux-alain-crobier-d-o\/"]}]},{"@type":"ImageObject","inLanguage":"en-US","@id":"https:\/\/www.institutcamirandmuzzi.com\/evenement\/manipulations-des-disques-intervertebraux-alain-crobier-d-o\/#primaryimage","url":"https:\/\/www.institutcamirandmuzzi.com\/wp-content\/uploads\/2025\/10\/Disque-complet.jpg","contentUrl":"https:\/\/www.institutcamirandmuzzi.com\/wp-content\/uploads\/2025\/10\/Disque-complet.jpg","width":1280,"height":720},{"@type":"BreadcrumbList","@id":"https:\/\/www.institutcamirandmuzzi.com\/evenement\/manipulations-des-disques-intervertebraux-alain-crobier-d-o\/#breadcrumb","itemListElement":[{"@type":"ListItem","position":1,"name":"Accueil","item":"https:\/\/www.institutcamirandmuzzi.com\/en\/"},{"@type":"ListItem","position":2,"name":"\u00c9v\u00e8nements","item":"https:\/\/www.institutcamirandmuzzi.com\/\u00e9v\u00e9nement\/"},{"@type":"ListItem","position":3,"name":"Manipulations des disques intervert\u00e9braux Alain Croibier D.O."}]},{"@type":"WebSite","@id":"https:\/\/www.institutcamirandmuzzi.com\/#website","url":"https:\/\/www.institutcamirandmuzzi.com\/","name":"Institut Camirand Muzzi","description":"Formations continues en ost\u00e9opathie int\u00e9grative","publisher":{"@id":"https:\/\/www.institutcamirandmuzzi.com\/#organization"},"potentialAction":[{"@type":"SearchAction","target":{"@type":"EntryPoint","urlTemplate":"https:\/\/www.institutcamirandmuzzi.com\/?s={search_term_string}"},"query-input":{"@type":"PropertyValueSpecification","valueRequired":true,"valueName":"search_term_string"}}],"inLanguage":"en-US"},{"@type":"Organization","@id":"https:\/\/www.institutcamirandmuzzi.com\/#organization","name":"Institut Camirand Muzzi","alternateName":"Institut Camirand Muzzi","url":"https:\/\/www.institutcamirandmuzzi.com\/","logo":{"@type":"ImageObject","inLanguage":"en-US","@id":"https:\/\/www.institutcamirandmuzzi.com\/#\/schema\/logo\/image\/","url":"https:\/\/www.institutcamirandmuzzi.com\/wp-content\/uploads\/2021\/11\/icm.png","contentUrl":"https:\/\/www.institutcamirandmuzzi.com\/wp-content\/uploads\/2021\/11\/icm.png","width":250,"height":80,"caption":"Institut Camirand Muzzi"},"image":{"@id":"https:\/\/www.institutcamirandmuzzi.com\/#\/schema\/logo\/image\/"},"sameAs":["https:\/\/www.facebook.com\/profile.php?id=100050764137042","https:\/\/x.com\/camirandmuzzi"]}]}},"_links":{"self":[{"href":"https:\/\/www.institutcamirandmuzzi.com\/en\/wp-json\/wp\/v2\/event_listing\/2182","targetHints":{"allow":["GET"]}}],"collection":[{"href":"https:\/\/www.institutcamirandmuzzi.com\/en\/wp-json\/wp\/v2\/event_listing"}],"about":[{"href":"https:\/\/www.institutcamirandmuzzi.com\/en\/wp-json\/wp\/v2\/types\/event_listing"}],"wp:featuredmedia":[{"embeddable":true,"href":"https:\/\/www.institutcamirandmuzzi.com\/en\/wp-json\/wp\/v2\/media\/5597"}],"wp:attachment":[{"href":"https:\/\/www.institutcamirandmuzzi.com\/en\/wp-json\/wp\/v2\/media?parent=2182"}],"wp:term":[{"taxonomy":"event_listing_category","embeddable":true,"href":"https:\/\/www.institutcamirandmuzzi.com\/en\/wp-json\/wp\/v2\/event_listing_category?post=2182"},{"taxonomy":"event_listing_type","embeddable":true,"href":"https:\/\/www.institutcamirandmuzzi.com\/en\/wp-json\/wp\/v2\/event_listing_type?post=2182"}],"curies":[{"name":"wp","href":"https:\/\/api.w.org\/{rel}","templated":true}]}}