{"id":302,"date":"2020-07-15T10:30:10","date_gmt":"2020-07-15T14:30:10","guid":{"rendered":"https:\/\/www.institutcamirandmuzzi.com\/wp\/?post_type=event_listing&#038;p=302"},"modified":"2024-02-14T14:15:22","modified_gmt":"2024-02-14T19:15:22","slug":"cerveau-pelvien-approche-osteopathique-integrative-au-sein-de-laxe-c-i-p-nathalie-camirand-d-o","status":"expired","type":"event_listing","link":"https:\/\/www.institutcamirandmuzzi.com\/en\/event\/cerveau-pelvien-approche-osteopathique-integrative-au-sein-de-laxe-c-i-p-nathalie-camirand-d-o\/","title":{"rendered":"Cerveau pelvien, approche ost\u00e9opathique int\u00e9grative au sein de l&#8217;axe C-I-P Nathalie Camirand D.O."},"content":{"rendered":"<h3>Date: \u00c0 d\u00e9terminer.<\/h3>\n<p><strong>S\u00e9minaire de 3 jours<\/strong><br \/>\n<strong>Horaire : 9h \u00e0 17h30. Nous terminons le dernier jour \u00e0 16h00.<\/strong><br \/>\n<strong>Pause midi: 1h30<br \/>\nCours donn\u00e9 en fran\u00e7ais.<\/strong><\/p>\n<p>Dans ce s\u00e9minaire de 3 jours, offert aux ost\u00e9opathes dipl\u00f4m\u00e9s, de nouveaux outils th\u00e9rapeutiques vous seront pr\u00e9sent\u00e9s afin d\u2019approfondir les pathologies gyn\u00e9cologiques les plus fr\u00e9quemment rencontr\u00e9es ainsi que les dysfonctions ovariennes. Nous parlerons des d\u00e9couvertes sur le cerveau pelvien en tant que cerveau autonome et de ses impacts sur les autres cerveaux\u2026<\/p>\n<p>Sera \u00e9galement couverte l\u2019approche des pathologies suivantes fibrome, endom\u00e9triose, dysm\u00e9norrh\u00e9e ainsi que l\u2019infertilit\u00e9 et les probl\u00e9matiques hormonales chez la femme telles l\u2019am\u00e9norrh\u00e9e, les kystes ovariens, le syndrome pr\u00e9menstruel, la pr\u00e9-m\u00e9nopause et la m\u00e9nopause.<\/p>\n<p>Vous seront enseign\u00e9es dans ce stage, la th\u00e9orie, l\u2019approche et la sp\u00e9cificit\u00e9 de la d\u00e9marche ost\u00e9opathique pour les diff\u00e9rentes pathologies ainsi que leurs liens avec les deux autres cerveaux. Les techniques sp\u00e9cifiques sur les art\u00e8res et sur les nerfs du petit bassin seront \u00e9galement couvertes. On parlera aussi des suppl\u00e9ments nutritionnels et conseils les plus adapt\u00e9s pour chacune des pathologies abord\u00e9es.<\/p>\n<p>Ce stage r\u00e9serv\u00e9 aux D.O., constitue un incontournable pour celui qui veut d\u00e9velopper une compr\u00e9hension plus approfondie du cerveau pelvien<\/p>\n<p>Plan de cours \u00e9tal\u00e9 sur 3 jours<\/p>\n<ul>\n<li>Cerveau pelvien. D\u00e9finition et fonctions<\/li>\n<li>Anatomie et pratique art\u00e8res ut\u00e9rus, ovaires<\/li>\n<li>Vision int\u00e9grative : microbiote, syst\u00e8me immunitaire<\/li>\n<li>Syndrome de vessie douloureuse<\/li>\n<li>Dysm\u00e9norrh\u00e9e, fibrome, endom\u00e9triose, vestibulite<\/li>\n<li>Physiologie du cycle menstruel<\/li>\n<li>R\u00f4le de chaque hormone : sympt\u00f4mes de d\u00e9ficit<\/li>\n<li>Kystes folliculaires, lut\u00e9aux, ovaires polykystiques<\/li>\n<li>SPM, pr\u00e9m\u00e9nopause et m\u00e9nopause. Bouff\u00e9es de chaleurs<\/li>\n<li>Subfertilit\u00e9<\/li>\n<\/ul>\n<p>Techniques voie externe :<\/p>\n<ul>\n<li>Posture<\/li>\n<li>\u00c9valuation de la colonne vert\u00e9brale et implication des diff\u00e9rents cerveaux<\/li>\n<li>Ischions, fosses ischio-rectales<\/li>\n<li>Trous sacr\u00e9s<\/li>\n<li>Dure-m\u00e8re sacr\u00e9e<\/li>\n<li>Coccyx<\/li>\n<li>Filum terminale<\/li>\n<li>Technique d\u2019\u00e9valuation et de normalisation de la vessie, de l\u2019ut\u00e9rus et de ses annexes par voie externe.<\/li>\n<li>Drainage lymphatique du petit bassin<\/li>\n<li>Drainage p\u00e9riton\u00e9al<\/li>\n<li>Technique et \u00e9valuation des nerfs : plexus lombaire, nerf ilio-hypogastrique, n. ilio-inguinal, n. cutan\u00e9 lat\u00e9ral de la cuisse, n. g\u00e9nito-f\u00e9moral, n. obturateur, n. sciatique, n. glut\u00e9al sup\u00e9rieur,\u00a0 n. pudental et n. clun\u00e9al.<\/li>\n<li>Plexus hypogastrique sup\u00e9rieur et inf\u00e9rieur, n. hypogastriques<\/li>\n<li>Test glandulaire-MRP, inhibition vs autres glandes<\/li>\n<li>Art\u00e8res ovariennes, iliaque commune, iliaque externe, iliaque interne, f\u00e9morale et circonflexe<\/li>\n<\/ul>\n","protected":false},"featured_media":419,"template":"","meta":{"_acf_changed":false},"event_listing_category":[59],"event_listing_type":[57],"class_list":["post-302","event_listing","type-event_listing","status-expired","has-post-thumbnail","hentry","event_listing_category-au-canada","event_listing_type-formation-en-presentiel"],"acf":[],"yoast_head":"<!-- This site is optimized with the Yoast SEO plugin v27.5 - https:\/\/yoast.com\/product\/yoast-seo-wordpress\/ -->\n<title>Cerveau pelvien, approche ost\u00e9opathique int\u00e9grative au sein de l&#039;axe C-I-P Nathalie Camirand D.O. | Institut Camirand Muzzi<\/title>\n<meta name=\"robots\" content=\"index, follow, max-snippet:-1, max-image-preview:large, max-video-preview:-1\" \/>\n<link rel=\"canonical\" href=\"https:\/\/www.institutcamirandmuzzi.com\/evenement\/cerveau-pelvien-approche-osteopathique-integrative-au-sein-de-laxe-c-i-p-nathalie-camirand-d-o\/\" \/>\n<meta property=\"og:locale\" content=\"en_US\" \/>\n<meta property=\"og:type\" content=\"article\" \/>\n<meta property=\"og:title\" content=\"Cerveau pelvien, approche ost\u00e9opathique int\u00e9grative au sein de l&#039;axe C-I-P Nathalie Camirand D.O. | Institut Camirand Muzzi\" \/>\n<meta property=\"og:description\" content=\"Date: \u00c0 d\u00e9terminer. S\u00e9minaire de 3 jours Horaire : 9h \u00e0 17h30. Nous terminons le dernier jour \u00e0 16h00. Pause midi: 1h30 Cours donn\u00e9 en fran\u00e7ais. Dans ce s\u00e9minaire de 3 jours, offert aux ost\u00e9opathes dipl\u00f4m\u00e9s, de nouveaux outils th\u00e9rapeutiques vous seront pr\u00e9sent\u00e9s afin d\u2019approfondir les pathologies gyn\u00e9cologiques les plus fr\u00e9quemment rencontr\u00e9es ainsi que les ... Cerveau pelvien, approche ost\u00e9opathique int\u00e9grative au sein de l&#8217;axe C-I-P Nathalie Camirand D.O.\" \/>\n<meta property=\"og:url\" content=\"https:\/\/www.institutcamirandmuzzi.com\/evenement\/cerveau-pelvien-approche-osteopathique-integrative-au-sein-de-laxe-c-i-p-nathalie-camirand-d-o\/\" \/>\n<meta property=\"og:site_name\" content=\"Institut Camirand Muzzi\" \/>\n<meta property=\"article:publisher\" content=\"https:\/\/www.facebook.com\/profile.php?id=100050764137042\" \/>\n<meta property=\"article:modified_time\" content=\"2024-02-14T19:15:22+00:00\" \/>\n<meta property=\"og:image\" content=\"https:\/\/www.institutcamirandmuzzi.com\/wp-content\/uploads\/2020\/07\/Cerveau-pelvien-carre-e1594904949531.png\" \/>\n\t<meta property=\"og:image:width\" content=\"1\" \/>\n\t<meta property=\"og:image:height\" content=\"1\" \/>\n\t<meta property=\"og:image:type\" content=\"image\/png\" \/>\n<meta name=\"twitter:card\" content=\"summary_large_image\" \/>\n<meta name=\"twitter:site\" content=\"@camirandmuzzi\" \/>\n<meta name=\"twitter:label1\" content=\"Est. reading time\" \/>\n\t<meta name=\"twitter:data1\" content=\"2 minutes\" \/>\n<script type=\"application\/ld+json\" class=\"yoast-schema-graph\">{\"@context\":\"https:\\\/\\\/schema.org\",\"@graph\":[{\"@type\":\"WebPage\",\"@id\":\"https:\\\/\\\/www.institutcamirandmuzzi.com\\\/evenement\\\/cerveau-pelvien-approche-osteopathique-integrative-au-sein-de-laxe-c-i-p-nathalie-camirand-d-o\\\/\",\"url\":\"https:\\\/\\\/www.institutcamirandmuzzi.com\\\/evenement\\\/cerveau-pelvien-approche-osteopathique-integrative-au-sein-de-laxe-c-i-p-nathalie-camirand-d-o\\\/\",\"name\":\"Cerveau pelvien, approche ost\u00e9opathique int\u00e9grative au sein de l'axe C-I-P Nathalie Camirand D.O. | Institut Camirand Muzzi\",\"isPartOf\":{\"@id\":\"https:\\\/\\\/www.institutcamirandmuzzi.com\\\/#website\"},\"primaryImageOfPage\":{\"@id\":\"https:\\\/\\\/www.institutcamirandmuzzi.com\\\/evenement\\\/cerveau-pelvien-approche-osteopathique-integrative-au-sein-de-laxe-c-i-p-nathalie-camirand-d-o\\\/#primaryimage\"},\"image\":{\"@id\":\"https:\\\/\\\/www.institutcamirandmuzzi.com\\\/evenement\\\/cerveau-pelvien-approche-osteopathique-integrative-au-sein-de-laxe-c-i-p-nathalie-camirand-d-o\\\/#primaryimage\"},\"thumbnailUrl\":\"https:\\\/\\\/www.institutcamirandmuzzi.com\\\/wp-content\\\/uploads\\\/2020\\\/07\\\/Cerveau-pelvien-carre-e1594904949531.png\",\"datePublished\":\"2020-07-15T14:30:10+00:00\",\"dateModified\":\"2024-02-14T19:15:22+00:00\",\"breadcrumb\":{\"@id\":\"https:\\\/\\\/www.institutcamirandmuzzi.com\\\/evenement\\\/cerveau-pelvien-approche-osteopathique-integrative-au-sein-de-laxe-c-i-p-nathalie-camirand-d-o\\\/#breadcrumb\"},\"inLanguage\":\"en-US\",\"potentialAction\":[{\"@type\":\"ReadAction\",\"target\":[\"https:\\\/\\\/www.institutcamirandmuzzi.com\\\/evenement\\\/cerveau-pelvien-approche-osteopathique-integrative-au-sein-de-laxe-c-i-p-nathalie-camirand-d-o\\\/\"]}]},{\"@type\":\"ImageObject\",\"inLanguage\":\"en-US\",\"@id\":\"https:\\\/\\\/www.institutcamirandmuzzi.com\\\/evenement\\\/cerveau-pelvien-approche-osteopathique-integrative-au-sein-de-laxe-c-i-p-nathalie-camirand-d-o\\\/#primaryimage\",\"url\":\"https:\\\/\\\/www.institutcamirandmuzzi.com\\\/wp-content\\\/uploads\\\/2020\\\/07\\\/Cerveau-pelvien-carre-e1594904949531.png\",\"contentUrl\":\"https:\\\/\\\/www.institutcamirandmuzzi.com\\\/wp-content\\\/uploads\\\/2020\\\/07\\\/Cerveau-pelvien-carre-e1594904949531.png\"},{\"@type\":\"BreadcrumbList\",\"@id\":\"https:\\\/\\\/www.institutcamirandmuzzi.com\\\/evenement\\\/cerveau-pelvien-approche-osteopathique-integrative-au-sein-de-laxe-c-i-p-nathalie-camirand-d-o\\\/#breadcrumb\",\"itemListElement\":[{\"@type\":\"ListItem\",\"position\":1,\"name\":\"Accueil\",\"item\":\"https:\\\/\\\/www.institutcamirandmuzzi.com\\\/en\\\/\"},{\"@type\":\"ListItem\",\"position\":2,\"name\":\"\u00c9v\u00e8nements\",\"item\":\"https:\\\/\\\/www.institutcamirandmuzzi.com\\\/\u00e9v\u00e9nement\\\/\"},{\"@type\":\"ListItem\",\"position\":3,\"name\":\"Cerveau pelvien, approche ost\u00e9opathique int\u00e9grative au sein de l&rsquo;axe C-I-P Nathalie Camirand D.O.\"}]},{\"@type\":\"WebSite\",\"@id\":\"https:\\\/\\\/www.institutcamirandmuzzi.com\\\/#website\",\"url\":\"https:\\\/\\\/www.institutcamirandmuzzi.com\\\/\",\"name\":\"Institut Camirand Muzzi\",\"description\":\"Formations continues en ost\u00e9opathie int\u00e9grative\",\"publisher\":{\"@id\":\"https:\\\/\\\/www.institutcamirandmuzzi.com\\\/#organization\"},\"potentialAction\":[{\"@type\":\"SearchAction\",\"target\":{\"@type\":\"EntryPoint\",\"urlTemplate\":\"https:\\\/\\\/www.institutcamirandmuzzi.com\\\/?s={search_term_string}\"},\"query-input\":{\"@type\":\"PropertyValueSpecification\",\"valueRequired\":true,\"valueName\":\"search_term_string\"}}],\"inLanguage\":\"en-US\"},{\"@type\":\"Organization\",\"@id\":\"https:\\\/\\\/www.institutcamirandmuzzi.com\\\/#organization\",\"name\":\"Institut Camirand Muzzi\",\"alternateName\":\"Institut Camirand Muzzi\",\"url\":\"https:\\\/\\\/www.institutcamirandmuzzi.com\\\/\",\"logo\":{\"@type\":\"ImageObject\",\"inLanguage\":\"en-US\",\"@id\":\"https:\\\/\\\/www.institutcamirandmuzzi.com\\\/#\\\/schema\\\/logo\\\/image\\\/\",\"url\":\"https:\\\/\\\/www.institutcamirandmuzzi.com\\\/wp-content\\\/uploads\\\/2021\\\/11\\\/icm.png\",\"contentUrl\":\"https:\\\/\\\/www.institutcamirandmuzzi.com\\\/wp-content\\\/uploads\\\/2021\\\/11\\\/icm.png\",\"width\":250,\"height\":80,\"caption\":\"Institut Camirand Muzzi\"},\"image\":{\"@id\":\"https:\\\/\\\/www.institutcamirandmuzzi.com\\\/#\\\/schema\\\/logo\\\/image\\\/\"},\"sameAs\":[\"https:\\\/\\\/www.facebook.com\\\/profile.php?id=100050764137042\",\"https:\\\/\\\/x.com\\\/camirandmuzzi\"]}]}<\/script>\n<!-- \/ Yoast SEO plugin. -->","yoast_head_json":{"title":"Cerveau pelvien, approche ost\u00e9opathique int\u00e9grative au sein de l'axe C-I-P Nathalie Camirand D.O. | Institut Camirand Muzzi","robots":{"index":"index","follow":"follow","max-snippet":"max-snippet:-1","max-image-preview":"max-image-preview:large","max-video-preview":"max-video-preview:-1"},"canonical":"https:\/\/www.institutcamirandmuzzi.com\/evenement\/cerveau-pelvien-approche-osteopathique-integrative-au-sein-de-laxe-c-i-p-nathalie-camirand-d-o\/","og_locale":"en_US","og_type":"article","og_title":"Cerveau pelvien, approche ost\u00e9opathique int\u00e9grative au sein de l'axe C-I-P Nathalie Camirand D.O. | Institut Camirand Muzzi","og_description":"Date: \u00c0 d\u00e9terminer. S\u00e9minaire de 3 jours Horaire : 9h \u00e0 17h30. Nous terminons le dernier jour \u00e0 16h00. Pause midi: 1h30 Cours donn\u00e9 en fran\u00e7ais. Dans ce s\u00e9minaire de 3 jours, offert aux ost\u00e9opathes dipl\u00f4m\u00e9s, de nouveaux outils th\u00e9rapeutiques vous seront pr\u00e9sent\u00e9s afin d\u2019approfondir les pathologies gyn\u00e9cologiques les plus fr\u00e9quemment rencontr\u00e9es ainsi que les ... Cerveau pelvien, approche ost\u00e9opathique int\u00e9grative au sein de l&#8217;axe C-I-P Nathalie Camirand D.O.","og_url":"https:\/\/www.institutcamirandmuzzi.com\/evenement\/cerveau-pelvien-approche-osteopathique-integrative-au-sein-de-laxe-c-i-p-nathalie-camirand-d-o\/","og_site_name":"Institut Camirand Muzzi","article_publisher":"https:\/\/www.facebook.com\/profile.php?id=100050764137042","article_modified_time":"2024-02-14T19:15:22+00:00","og_image":[{"url":"https:\/\/www.institutcamirandmuzzi.com\/wp-content\/uploads\/2020\/07\/Cerveau-pelvien-carre-e1594904949531.png","width":1,"height":1,"type":"image\/png"}],"twitter_card":"summary_large_image","twitter_site":"@camirandmuzzi","twitter_misc":{"Est. reading time":"2 minutes"},"schema":{"@context":"https:\/\/schema.org","@graph":[{"@type":"WebPage","@id":"https:\/\/www.institutcamirandmuzzi.com\/evenement\/cerveau-pelvien-approche-osteopathique-integrative-au-sein-de-laxe-c-i-p-nathalie-camirand-d-o\/","url":"https:\/\/www.institutcamirandmuzzi.com\/evenement\/cerveau-pelvien-approche-osteopathique-integrative-au-sein-de-laxe-c-i-p-nathalie-camirand-d-o\/","name":"Cerveau pelvien, approche ost\u00e9opathique int\u00e9grative au sein de l'axe C-I-P Nathalie Camirand D.O. | Institut Camirand Muzzi","isPartOf":{"@id":"https:\/\/www.institutcamirandmuzzi.com\/#website"},"primaryImageOfPage":{"@id":"https:\/\/www.institutcamirandmuzzi.com\/evenement\/cerveau-pelvien-approche-osteopathique-integrative-au-sein-de-laxe-c-i-p-nathalie-camirand-d-o\/#primaryimage"},"image":{"@id":"https:\/\/www.institutcamirandmuzzi.com\/evenement\/cerveau-pelvien-approche-osteopathique-integrative-au-sein-de-laxe-c-i-p-nathalie-camirand-d-o\/#primaryimage"},"thumbnailUrl":"https:\/\/www.institutcamirandmuzzi.com\/wp-content\/uploads\/2020\/07\/Cerveau-pelvien-carre-e1594904949531.png","datePublished":"2020-07-15T14:30:10+00:00","dateModified":"2024-02-14T19:15:22+00:00","breadcrumb":{"@id":"https:\/\/www.institutcamirandmuzzi.com\/evenement\/cerveau-pelvien-approche-osteopathique-integrative-au-sein-de-laxe-c-i-p-nathalie-camirand-d-o\/#breadcrumb"},"inLanguage":"en-US","potentialAction":[{"@type":"ReadAction","target":["https:\/\/www.institutcamirandmuzzi.com\/evenement\/cerveau-pelvien-approche-osteopathique-integrative-au-sein-de-laxe-c-i-p-nathalie-camirand-d-o\/"]}]},{"@type":"ImageObject","inLanguage":"en-US","@id":"https:\/\/www.institutcamirandmuzzi.com\/evenement\/cerveau-pelvien-approche-osteopathique-integrative-au-sein-de-laxe-c-i-p-nathalie-camirand-d-o\/#primaryimage","url":"https:\/\/www.institutcamirandmuzzi.com\/wp-content\/uploads\/2020\/07\/Cerveau-pelvien-carre-e1594904949531.png","contentUrl":"https:\/\/www.institutcamirandmuzzi.com\/wp-content\/uploads\/2020\/07\/Cerveau-pelvien-carre-e1594904949531.png"},{"@type":"BreadcrumbList","@id":"https:\/\/www.institutcamirandmuzzi.com\/evenement\/cerveau-pelvien-approche-osteopathique-integrative-au-sein-de-laxe-c-i-p-nathalie-camirand-d-o\/#breadcrumb","itemListElement":[{"@type":"ListItem","position":1,"name":"Accueil","item":"https:\/\/www.institutcamirandmuzzi.com\/en\/"},{"@type":"ListItem","position":2,"name":"\u00c9v\u00e8nements","item":"https:\/\/www.institutcamirandmuzzi.com\/\u00e9v\u00e9nement\/"},{"@type":"ListItem","position":3,"name":"Cerveau pelvien, approche ost\u00e9opathique int\u00e9grative au sein de l&rsquo;axe C-I-P Nathalie Camirand D.O."}]},{"@type":"WebSite","@id":"https:\/\/www.institutcamirandmuzzi.com\/#website","url":"https:\/\/www.institutcamirandmuzzi.com\/","name":"Institut Camirand Muzzi","description":"Formations continues en ost\u00e9opathie int\u00e9grative","publisher":{"@id":"https:\/\/www.institutcamirandmuzzi.com\/#organization"},"potentialAction":[{"@type":"SearchAction","target":{"@type":"EntryPoint","urlTemplate":"https:\/\/www.institutcamirandmuzzi.com\/?s={search_term_string}"},"query-input":{"@type":"PropertyValueSpecification","valueRequired":true,"valueName":"search_term_string"}}],"inLanguage":"en-US"},{"@type":"Organization","@id":"https:\/\/www.institutcamirandmuzzi.com\/#organization","name":"Institut Camirand Muzzi","alternateName":"Institut Camirand Muzzi","url":"https:\/\/www.institutcamirandmuzzi.com\/","logo":{"@type":"ImageObject","inLanguage":"en-US","@id":"https:\/\/www.institutcamirandmuzzi.com\/#\/schema\/logo\/image\/","url":"https:\/\/www.institutcamirandmuzzi.com\/wp-content\/uploads\/2021\/11\/icm.png","contentUrl":"https:\/\/www.institutcamirandmuzzi.com\/wp-content\/uploads\/2021\/11\/icm.png","width":250,"height":80,"caption":"Institut Camirand Muzzi"},"image":{"@id":"https:\/\/www.institutcamirandmuzzi.com\/#\/schema\/logo\/image\/"},"sameAs":["https:\/\/www.facebook.com\/profile.php?id=100050764137042","https:\/\/x.com\/camirandmuzzi"]}]}},"_links":{"self":[{"href":"https:\/\/www.institutcamirandmuzzi.com\/en\/wp-json\/wp\/v2\/event_listing\/302","targetHints":{"allow":["GET"]}}],"collection":[{"href":"https:\/\/www.institutcamirandmuzzi.com\/en\/wp-json\/wp\/v2\/event_listing"}],"about":[{"href":"https:\/\/www.institutcamirandmuzzi.com\/en\/wp-json\/wp\/v2\/types\/event_listing"}],"wp:featuredmedia":[{"embeddable":true,"href":"https:\/\/www.institutcamirandmuzzi.com\/en\/wp-json\/wp\/v2\/media\/419"}],"wp:attachment":[{"href":"https:\/\/www.institutcamirandmuzzi.com\/en\/wp-json\/wp\/v2\/media?parent=302"}],"wp:term":[{"taxonomy":"event_listing_category","embeddable":true,"href":"https:\/\/www.institutcamirandmuzzi.com\/en\/wp-json\/wp\/v2\/event_listing_category?post=302"},{"taxonomy":"event_listing_type","embeddable":true,"href":"https:\/\/www.institutcamirandmuzzi.com\/en\/wp-json\/wp\/v2\/event_listing_type?post=302"}],"curies":[{"name":"wp","href":"https:\/\/api.w.org\/{rel}","templated":true}]}}