{"id":4814,"date":"2024-11-24T10:03:20","date_gmt":"2024-11-24T15:03:20","guid":{"rendered":"https:\/\/www.institutcamirandmuzzi.com\/?post_type=event_listing&#038;p=4814"},"modified":"2026-04-11T13:17:03","modified_gmt":"2026-04-11T17:17:03","slug":"dysfonctions-glandulaires-lapproche-osteopathique-nathalie-camirand-d-o-3","status":"expired","type":"event_listing","link":"https:\/\/www.institutcamirandmuzzi.com\/en\/event\/dysfonctions-glandulaires-lapproche-osteopathique-nathalie-camirand-d-o-3\/","title":{"rendered":"Dysfonctions glandulaires; l\u2019approche ost\u00e9opathique Nathalie Camirand D.O."},"content":{"rendered":"<p><strong>Format de la formation<\/strong><\/p>\n<ul>\n<li>Partie th\u00e9orique : 10 heures (vid\u00e9o, pr\u00e9alable)<br \/>\n\u2022 S\u00e9minaire en pr\u00e9sentiel : 4 jours, 27 heures (total 37 heures)<br \/>\n\u2022 Dates : 6-7-8-9 novembre 2025<br \/>\n\u2022 Horaire : 9h \u00e0 17h30 (fin \u00e0 16h le dernier jour)<br \/>\n\u2022 Langue : fran\u00e7ais<br \/>\n\u2022 Public cible : ost\u00e9opathes dipl\u00f4m\u00e9s<\/li>\n<\/ul>\n<p><strong>Description de la formation<\/strong><\/p>\n<p>Cette formation vise \u00e0 approfondir l\u2019approche ost\u00e9opathique des d\u00e9s\u00e9quilibres endocriniens les plus fr\u00e9quents en int\u00e9grant les dimensions structurelles, fonctionnelles, art\u00e9rielles et neurov\u00e9g\u00e9tatives. Elle s\u2019inscrit dans une compr\u00e9hension globale des interactions entre les syst\u00e8mes endocrinien, nerveux et immunitaire.<\/p>\n<p>Elle propose une approche clinique centr\u00e9e sur le patient, permettant d\u2019identifier et de mieux d\u00e9mystifier les manifestations associ\u00e9es aux d\u00e9s\u00e9quilibres hormonaux, telles que la fatigue, les troubles du sommeil, les variations de poids, les troubles inflammatoires chroniques, les difficult\u00e9s de concentration, les troubles digestifs, l\u2019anxi\u00e9t\u00e9 ou les \u00e9tats d\u00e9pressifs.<\/p>\n<p>Une attention particuli\u00e8re est port\u00e9e \u00e0 l\u2019\u00e9valuation palpatoire des diff\u00e9rentes glandes endocrines, \u00e0 l\u2019analyse de leurs interactions ainsi qu\u2019\u00e0 l\u2019int\u00e9gration de techniques ost\u00e9opathiques sp\u00e9cifiques pour chacune des glandes adapt\u00e9es aux \u00e9tats d\u2019hypo et d\u2019hyperfonction, incluant des approches cibl\u00e9es sur les structures nerveuses et art\u00e9rielles.<\/p>\n<p>La formation permet \u00e9galement d\u2019approfondir les m\u00e9canismes de r\u00e9gulation des glandes endocrines, notamment \u00e0 travers leur interaction avec le syst\u00e8me neurov\u00e9g\u00e9tatif, ainsi que leur impact sur l\u2019\u00e9quilibre global de l\u2019organisme.<\/p>\n<p>Une approche int\u00e9grative est propos\u00e9e, incluant des \u00e9l\u00e9ments de prise en charge globale, notamment en lien avec la nutrition, les compl\u00e9ments alimentaires et certains exercices \u00e9nerg\u00e9tiques, ainsi que des recommandations adapt\u00e9es au contexte clinique.<\/p>\n<p>&nbsp;<\/p>\n<p><strong>Objectifs de la formation<\/strong><\/p>\n<p><strong>\u00c0 l\u2019issue de la formation, le participant sera en mesure de :<\/strong><\/p>\n<ul>\n<li>Comprendre les interactions entre les diff\u00e9rentes glandes endocrines et le syst\u00e8me nerveux.<\/li>\n<li>Identifier les manifestations cliniques associ\u00e9es \u00e0 chacune des glandes R\u00e9aliser une \u00e9valuation ost\u00e9opathique des principales glandes<\/li>\n<li>Appliquer des techniques sp\u00e9cifiques adapt\u00e9es aux \u00e9tats d\u2019hypo et d\u2019hyperfonction de chacune des glandes<\/li>\n<li>Appliquer des techniques sp\u00e9cifiques sur les nerfs et art\u00e8res qui les circonscrivent<\/li>\n<li>Int\u00e9grer une approche globale dans la prise en charge des d\u00e9s\u00e9quilibres endocriniens<\/li>\n<\/ul>\n<p>&nbsp;<\/p>\n<p><strong>Objectifs sp\u00e9cifiques \u2013 partie th\u00e9orique (en ligne)<\/strong><\/p>\n<p><strong>\u00c0 l\u2019issue de la partie th\u00e9orique, le participant sera en mesure de :<br \/>\n<\/strong><\/p>\n<ul>\n<li>Comprendre l\u2019impact du stress sur le syst\u00e8me endocrinien et le syst\u00e8me nerveux<\/li>\n<li>Comprendre l\u2019anatomie, la physiologie et la r\u00e9gulation des principales glandes endocrines<\/li>\n<li>Identifier les \u00e9tats d\u2019hypo et d\u2019hyperfonction de chaque glande<\/li>\n<li>Lire un bilan hormonal avec une approche fonctionnelle<\/li>\n<li>Int\u00e9grer les bases du fonctionnement neurov\u00e9g\u00e9tatif en lien avec les glandes<\/li>\n<li>Conna\u00eetre les bases d\u2019une approche int\u00e9grative incluant les facteurs nutritionnels et environnementaux<\/li>\n<\/ul>\n<p>&nbsp;<\/p>\n<p><strong>Objectifs sp\u00e9cifiques \u2013 partie pratique (pr\u00e9sentiel)<\/strong><\/p>\n<p><strong>\u00c0 l\u2019issue de la partie pratique, le participant sera en mesure de :<\/strong><\/p>\n<ul>\n<li>\u00c9valuer les glandes endocrines \u00e0 la palpation<br \/>\n\u2022 Appliquer des techniques sp\u00e9cifiques sur les diff\u00e9rentes glandes<br \/>\n\u2022 Travailler les structures associ\u00e9es (fascias, art\u00e8res, nerfs)<br \/>\n\u2022 Int\u00e9grer les approches neurov\u00e9g\u00e9tatives (stimulation et inhibition)<br \/>\n\u2022 Adapter les techniques selon les \u00e9tats fonctionnels des glandes<\/li>\n<\/ul>\n<h3>Plan de formation<\/h3>\n<p><strong>Partie th\u00e9orique (en ligne \u2013 pr\u00e9alable)<\/strong><\/p>\n<ul>\n<li>\u00c9quilibre hormonal et impact du stress<br \/>\n\u2022 Anatomie, physiologie et symptomatologie des principales glandes (hypophyse, \u00e9piphyse, thyro\u00efde, thymus, pancr\u00e9as, surr\u00e9nales, gonades)<br \/>\n\u2022 \u00c9tats d\u2019hypo et d\u2019hyperfonction<br \/>\n\u2022 Approches th\u00e9rapeutiques<br \/>\n\u2022 Bases de la r\u00e9gulation neurov\u00e9g\u00e9tative<br \/>\n\u2022 Introduction \u00e0 l\u2019approche int\u00e9grative<\/li>\n<\/ul>\n<h4>Plan de la formation en pr\u00e9sentiel<\/h4>\n<p><strong>Jour 1<br \/>\nAM<br \/>\n<\/strong>\u2022 Introduction<br \/>\n\u2022 R\u00e9vision des concepts<br \/>\n\u2022 Tests des glandes et des sph\u00e8res<br \/>\n\u2022 Approche cr\u00e2nienne et membranes dure-m\u00e9riennes<br \/>\n<strong>PM<\/strong><br \/>\n\u2022 Techniques hypophyse et \u00e9piphyse<br \/>\n\u2022 Approche cervicale et thoracique<br \/>\n\u2022 \u00c9valuation globale<\/p>\n<p><strong>Jour 2<br \/>\nAM<br \/>\n<\/strong>\u2022 \u00c9valuation et traitement de la thyro\u00efde<br \/>\n\u2022 Techniques myofasciales et m\u00e9caniques<br \/>\n\u2022 Travail des structures associ\u00e9es<br \/>\n<strong>PM<br \/>\n<\/strong>\u2022 Approche du thymus<br \/>\n\u2022 Techniques visc\u00e9rales et tissulaires<br \/>\n\u2022 Approche art\u00e9rielle et nerveuse<br \/>\n\u2022 Introduction aux suppl\u00e9ments<\/p>\n<p><strong>Jour 3<br \/>\nAM<br \/>\n<\/strong>\u2022 \u00c9valuation et traitement de la rate<br \/>\n\u2022 Normalisation des structures associ\u00e9es<br \/>\n\u2022 Approche vasculaire<br \/>\n<strong>PM<br \/>\n<\/strong>\u2022 Approche du pancr\u00e9as<br \/>\n\u2022 Relations visc\u00e9rales et m\u00e9caniques<br \/>\n\u2022 Techniques sp\u00e9cifiques et int\u00e9gration<\/p>\n<p><strong>Jour 4<br \/>\nAM<\/strong><br \/>\n\u2022 \u00c9valuation et traitement des surr\u00e9nales<br \/>\n\u2022 Approche diaphragmatique et r\u00e9nale<br \/>\n\u2022 R\u00e9gulation neurov\u00e9g\u00e9tative<br \/>\n<strong>PM<br \/>\n<\/strong>\u2022 Approche des gonades<br \/>\n\u2022 Int\u00e9gration des diff\u00e9rentes glandes<br \/>\n\u2022 R\u00e9vision globale<br \/>\n\u2022 Mise en pratique et synth\u00e8se<\/p>\n<p><strong>M\u00e9thodes p\u00e9dagogiques<\/strong><br \/>\n\u2022 Expos\u00e9s th\u00e9oriques<br \/>\n\u2022 D\u00e9monstrations<br \/>\n\u2022 Pratique supervis\u00e9e<br \/>\n\u2022 \u00c9tudes de cas<br \/>\n\u2022 \u00c9changes cliniques<\/p>\n<p><strong>M\u00e9thodes d\u2019\u00e9valuation des apprentissages<\/strong><br \/>\nL\u2019\u00e9valuation repose sur une approche formative continue :<br \/>\n\u2022 Observation en pratique<br \/>\n\u2022 Participation active<br \/>\n\u2022 Int\u00e9gration des concepts<br \/>\n\u2022 Qualit\u00e9 des techniques r\u00e9alis\u00e9es<br \/>\nDes r\u00e9troactions sont donn\u00e9es tout au long de la formation afin de soutenir l\u2019apprentissage<\/p>\n<p><strong>Un questionnaire d\u2019\u00e9valuation<\/strong> est \u00e9galement remis aux participants \u00e0 la fin de la formation afin d\u2019\u00e9valuer le contenu, les m\u00e9thodes p\u00e9dagogiques, l\u2019organisation ainsi que les conditions mat\u00e9rielles (lieux, logistique, etc.), dans une perspective d\u2019am\u00e9lioration continue.<\/p>\n","protected":false},"featured_media":3132,"template":"","meta":{"_acf_changed":false},"event_listing_category":[59],"event_listing_type":[57],"class_list":["post-4814","event_listing","type-event_listing","status-expired","has-post-thumbnail","hentry","event_listing_category-au-canada","event_listing_type-formation-en-presentiel"],"acf":[],"yoast_head":"<!-- This site is optimized with the Yoast SEO plugin v27.3 - https:\/\/yoast.com\/product\/yoast-seo-wordpress\/ -->\n<title>Dysfonctions glandulaires; l\u2019approche ost\u00e9opathique Nathalie Camirand D.O. | Institut Camirand Muzzi<\/title>\n<meta name=\"robots\" content=\"index, follow, max-snippet:-1, max-image-preview:large, max-video-preview:-1\" \/>\n<link rel=\"canonical\" href=\"https:\/\/www.institutcamirandmuzzi.com\/evenement\/dysfonctions-glandulaires-lapproche-osteopathique-nathalie-camirand-d-o-3\/\" \/>\n<meta property=\"og:locale\" content=\"en_US\" \/>\n<meta property=\"og:type\" content=\"article\" \/>\n<meta property=\"og:title\" content=\"Dysfonctions glandulaires; l\u2019approche ost\u00e9opathique Nathalie Camirand D.O. | Institut Camirand Muzzi\" \/>\n<meta property=\"og:description\" content=\"Format de la formation Partie th\u00e9orique : 10 heures (vid\u00e9o, pr\u00e9alable) \u2022 S\u00e9minaire en pr\u00e9sentiel : 4 jours, 27 heures (total 37 heures) \u2022 Dates : 6-7-8-9 novembre 2025 \u2022 Horaire : 9h \u00e0 17h30 (fin \u00e0 16h le dernier jour) \u2022 Langue : fran\u00e7ais \u2022 Public cible : ost\u00e9opathes dipl\u00f4m\u00e9s Description de la formation ... Dysfonctions glandulaires; l\u2019approche ost\u00e9opathique Nathalie Camirand D.O.\" \/>\n<meta property=\"og:url\" content=\"https:\/\/www.institutcamirandmuzzi.com\/evenement\/dysfonctions-glandulaires-lapproche-osteopathique-nathalie-camirand-d-o-3\/\" \/>\n<meta property=\"og:site_name\" content=\"Institut Camirand Muzzi\" \/>\n<meta property=\"article:publisher\" content=\"https:\/\/www.facebook.com\/profile.php?id=100050764137042\" \/>\n<meta property=\"article:modified_time\" content=\"2026-04-11T17:17:03+00:00\" \/>\n<meta property=\"og:image\" content=\"https:\/\/www.institutcamirandmuzzi.com\/wp-content\/uploads\/2022\/11\/Glandulaire-Nathalie.jpg\" \/>\n\t<meta property=\"og:image:width\" content=\"720\" \/>\n\t<meta property=\"og:image:height\" content=\"405\" \/>\n\t<meta property=\"og:image:type\" content=\"image\/jpeg\" \/>\n<meta name=\"twitter:card\" content=\"summary_large_image\" \/>\n<meta name=\"twitter:site\" content=\"@camirandmuzzi\" \/>\n<meta name=\"twitter:label1\" content=\"Est. reading time\" \/>\n\t<meta name=\"twitter:data1\" content=\"5 minutes\" \/>\n<script type=\"application\/ld+json\" class=\"yoast-schema-graph\">{\"@context\":\"https:\\\/\\\/schema.org\",\"@graph\":[{\"@type\":\"WebPage\",\"@id\":\"https:\\\/\\\/www.institutcamirandmuzzi.com\\\/evenement\\\/dysfonctions-glandulaires-lapproche-osteopathique-nathalie-camirand-d-o-3\\\/\",\"url\":\"https:\\\/\\\/www.institutcamirandmuzzi.com\\\/evenement\\\/dysfonctions-glandulaires-lapproche-osteopathique-nathalie-camirand-d-o-3\\\/\",\"name\":\"Dysfonctions glandulaires; l\u2019approche ost\u00e9opathique Nathalie Camirand D.O. | Institut Camirand Muzzi\",\"isPartOf\":{\"@id\":\"https:\\\/\\\/www.institutcamirandmuzzi.com\\\/#website\"},\"primaryImageOfPage\":{\"@id\":\"https:\\\/\\\/www.institutcamirandmuzzi.com\\\/evenement\\\/dysfonctions-glandulaires-lapproche-osteopathique-nathalie-camirand-d-o-3\\\/#primaryimage\"},\"image\":{\"@id\":\"https:\\\/\\\/www.institutcamirandmuzzi.com\\\/evenement\\\/dysfonctions-glandulaires-lapproche-osteopathique-nathalie-camirand-d-o-3\\\/#primaryimage\"},\"thumbnailUrl\":\"https:\\\/\\\/www.institutcamirandmuzzi.com\\\/wp-content\\\/uploads\\\/2022\\\/11\\\/Glandulaire-Nathalie.jpg\",\"datePublished\":\"2024-11-24T15:03:20+00:00\",\"dateModified\":\"2026-04-11T17:17:03+00:00\",\"breadcrumb\":{\"@id\":\"https:\\\/\\\/www.institutcamirandmuzzi.com\\\/evenement\\\/dysfonctions-glandulaires-lapproche-osteopathique-nathalie-camirand-d-o-3\\\/#breadcrumb\"},\"inLanguage\":\"en-US\",\"potentialAction\":[{\"@type\":\"ReadAction\",\"target\":[\"https:\\\/\\\/www.institutcamirandmuzzi.com\\\/evenement\\\/dysfonctions-glandulaires-lapproche-osteopathique-nathalie-camirand-d-o-3\\\/\"]}]},{\"@type\":\"ImageObject\",\"inLanguage\":\"en-US\",\"@id\":\"https:\\\/\\\/www.institutcamirandmuzzi.com\\\/evenement\\\/dysfonctions-glandulaires-lapproche-osteopathique-nathalie-camirand-d-o-3\\\/#primaryimage\",\"url\":\"https:\\\/\\\/www.institutcamirandmuzzi.com\\\/wp-content\\\/uploads\\\/2022\\\/11\\\/Glandulaire-Nathalie.jpg\",\"contentUrl\":\"https:\\\/\\\/www.institutcamirandmuzzi.com\\\/wp-content\\\/uploads\\\/2022\\\/11\\\/Glandulaire-Nathalie.jpg\",\"width\":720,\"height\":405},{\"@type\":\"BreadcrumbList\",\"@id\":\"https:\\\/\\\/www.institutcamirandmuzzi.com\\\/evenement\\\/dysfonctions-glandulaires-lapproche-osteopathique-nathalie-camirand-d-o-3\\\/#breadcrumb\",\"itemListElement\":[{\"@type\":\"ListItem\",\"position\":1,\"name\":\"Accueil\",\"item\":\"https:\\\/\\\/www.institutcamirandmuzzi.com\\\/en\\\/\"},{\"@type\":\"ListItem\",\"position\":2,\"name\":\"\u00c9v\u00e8nements\",\"item\":\"https:\\\/\\\/www.institutcamirandmuzzi.com\\\/\u00e9v\u00e9nement\\\/\"},{\"@type\":\"ListItem\",\"position\":3,\"name\":\"Dysfonctions glandulaires; l\u2019approche ost\u00e9opathique Nathalie Camirand D.O.\"}]},{\"@type\":\"WebSite\",\"@id\":\"https:\\\/\\\/www.institutcamirandmuzzi.com\\\/#website\",\"url\":\"https:\\\/\\\/www.institutcamirandmuzzi.com\\\/\",\"name\":\"Institut Camirand Muzzi\",\"description\":\"Formations continues en ost\u00e9opathie int\u00e9grative\",\"publisher\":{\"@id\":\"https:\\\/\\\/www.institutcamirandmuzzi.com\\\/#organization\"},\"potentialAction\":[{\"@type\":\"SearchAction\",\"target\":{\"@type\":\"EntryPoint\",\"urlTemplate\":\"https:\\\/\\\/www.institutcamirandmuzzi.com\\\/?s={search_term_string}\"},\"query-input\":{\"@type\":\"PropertyValueSpecification\",\"valueRequired\":true,\"valueName\":\"search_term_string\"}}],\"inLanguage\":\"en-US\"},{\"@type\":\"Organization\",\"@id\":\"https:\\\/\\\/www.institutcamirandmuzzi.com\\\/#organization\",\"name\":\"Institut Camirand Muzzi\",\"alternateName\":\"Institut Camirand Muzzi\",\"url\":\"https:\\\/\\\/www.institutcamirandmuzzi.com\\\/\",\"logo\":{\"@type\":\"ImageObject\",\"inLanguage\":\"en-US\",\"@id\":\"https:\\\/\\\/www.institutcamirandmuzzi.com\\\/#\\\/schema\\\/logo\\\/image\\\/\",\"url\":\"https:\\\/\\\/www.institutcamirandmuzzi.com\\\/wp-content\\\/uploads\\\/2021\\\/11\\\/icm.png\",\"contentUrl\":\"https:\\\/\\\/www.institutcamirandmuzzi.com\\\/wp-content\\\/uploads\\\/2021\\\/11\\\/icm.png\",\"width\":250,\"height\":80,\"caption\":\"Institut Camirand Muzzi\"},\"image\":{\"@id\":\"https:\\\/\\\/www.institutcamirandmuzzi.com\\\/#\\\/schema\\\/logo\\\/image\\\/\"},\"sameAs\":[\"https:\\\/\\\/www.facebook.com\\\/profile.php?id=100050764137042\",\"https:\\\/\\\/x.com\\\/camirandmuzzi\"]}]}<\/script>\n<!-- \/ Yoast SEO plugin. -->","yoast_head_json":{"title":"Dysfonctions glandulaires; l\u2019approche ost\u00e9opathique Nathalie Camirand D.O. | Institut Camirand Muzzi","robots":{"index":"index","follow":"follow","max-snippet":"max-snippet:-1","max-image-preview":"max-image-preview:large","max-video-preview":"max-video-preview:-1"},"canonical":"https:\/\/www.institutcamirandmuzzi.com\/evenement\/dysfonctions-glandulaires-lapproche-osteopathique-nathalie-camirand-d-o-3\/","og_locale":"en_US","og_type":"article","og_title":"Dysfonctions glandulaires; l\u2019approche ost\u00e9opathique Nathalie Camirand D.O. | Institut Camirand Muzzi","og_description":"Format de la formation Partie th\u00e9orique : 10 heures (vid\u00e9o, pr\u00e9alable) \u2022 S\u00e9minaire en pr\u00e9sentiel : 4 jours, 27 heures (total 37 heures) \u2022 Dates : 6-7-8-9 novembre 2025 \u2022 Horaire : 9h \u00e0 17h30 (fin \u00e0 16h le dernier jour) \u2022 Langue : fran\u00e7ais \u2022 Public cible : ost\u00e9opathes dipl\u00f4m\u00e9s Description de la formation ... Dysfonctions glandulaires; l\u2019approche ost\u00e9opathique Nathalie Camirand D.O.","og_url":"https:\/\/www.institutcamirandmuzzi.com\/evenement\/dysfonctions-glandulaires-lapproche-osteopathique-nathalie-camirand-d-o-3\/","og_site_name":"Institut Camirand Muzzi","article_publisher":"https:\/\/www.facebook.com\/profile.php?id=100050764137042","article_modified_time":"2026-04-11T17:17:03+00:00","og_image":[{"width":720,"height":405,"url":"https:\/\/www.institutcamirandmuzzi.com\/wp-content\/uploads\/2022\/11\/Glandulaire-Nathalie.jpg","type":"image\/jpeg"}],"twitter_card":"summary_large_image","twitter_site":"@camirandmuzzi","twitter_misc":{"Est. reading time":"5 minutes"},"schema":{"@context":"https:\/\/schema.org","@graph":[{"@type":"WebPage","@id":"https:\/\/www.institutcamirandmuzzi.com\/evenement\/dysfonctions-glandulaires-lapproche-osteopathique-nathalie-camirand-d-o-3\/","url":"https:\/\/www.institutcamirandmuzzi.com\/evenement\/dysfonctions-glandulaires-lapproche-osteopathique-nathalie-camirand-d-o-3\/","name":"Dysfonctions glandulaires; l\u2019approche ost\u00e9opathique Nathalie Camirand D.O. | Institut Camirand Muzzi","isPartOf":{"@id":"https:\/\/www.institutcamirandmuzzi.com\/#website"},"primaryImageOfPage":{"@id":"https:\/\/www.institutcamirandmuzzi.com\/evenement\/dysfonctions-glandulaires-lapproche-osteopathique-nathalie-camirand-d-o-3\/#primaryimage"},"image":{"@id":"https:\/\/www.institutcamirandmuzzi.com\/evenement\/dysfonctions-glandulaires-lapproche-osteopathique-nathalie-camirand-d-o-3\/#primaryimage"},"thumbnailUrl":"https:\/\/www.institutcamirandmuzzi.com\/wp-content\/uploads\/2022\/11\/Glandulaire-Nathalie.jpg","datePublished":"2024-11-24T15:03:20+00:00","dateModified":"2026-04-11T17:17:03+00:00","breadcrumb":{"@id":"https:\/\/www.institutcamirandmuzzi.com\/evenement\/dysfonctions-glandulaires-lapproche-osteopathique-nathalie-camirand-d-o-3\/#breadcrumb"},"inLanguage":"en-US","potentialAction":[{"@type":"ReadAction","target":["https:\/\/www.institutcamirandmuzzi.com\/evenement\/dysfonctions-glandulaires-lapproche-osteopathique-nathalie-camirand-d-o-3\/"]}]},{"@type":"ImageObject","inLanguage":"en-US","@id":"https:\/\/www.institutcamirandmuzzi.com\/evenement\/dysfonctions-glandulaires-lapproche-osteopathique-nathalie-camirand-d-o-3\/#primaryimage","url":"https:\/\/www.institutcamirandmuzzi.com\/wp-content\/uploads\/2022\/11\/Glandulaire-Nathalie.jpg","contentUrl":"https:\/\/www.institutcamirandmuzzi.com\/wp-content\/uploads\/2022\/11\/Glandulaire-Nathalie.jpg","width":720,"height":405},{"@type":"BreadcrumbList","@id":"https:\/\/www.institutcamirandmuzzi.com\/evenement\/dysfonctions-glandulaires-lapproche-osteopathique-nathalie-camirand-d-o-3\/#breadcrumb","itemListElement":[{"@type":"ListItem","position":1,"name":"Accueil","item":"https:\/\/www.institutcamirandmuzzi.com\/en\/"},{"@type":"ListItem","position":2,"name":"\u00c9v\u00e8nements","item":"https:\/\/www.institutcamirandmuzzi.com\/\u00e9v\u00e9nement\/"},{"@type":"ListItem","position":3,"name":"Dysfonctions glandulaires; l\u2019approche ost\u00e9opathique Nathalie Camirand D.O."}]},{"@type":"WebSite","@id":"https:\/\/www.institutcamirandmuzzi.com\/#website","url":"https:\/\/www.institutcamirandmuzzi.com\/","name":"Institut Camirand Muzzi","description":"Formations continues en ost\u00e9opathie int\u00e9grative","publisher":{"@id":"https:\/\/www.institutcamirandmuzzi.com\/#organization"},"potentialAction":[{"@type":"SearchAction","target":{"@type":"EntryPoint","urlTemplate":"https:\/\/www.institutcamirandmuzzi.com\/?s={search_term_string}"},"query-input":{"@type":"PropertyValueSpecification","valueRequired":true,"valueName":"search_term_string"}}],"inLanguage":"en-US"},{"@type":"Organization","@id":"https:\/\/www.institutcamirandmuzzi.com\/#organization","name":"Institut Camirand Muzzi","alternateName":"Institut Camirand Muzzi","url":"https:\/\/www.institutcamirandmuzzi.com\/","logo":{"@type":"ImageObject","inLanguage":"en-US","@id":"https:\/\/www.institutcamirandmuzzi.com\/#\/schema\/logo\/image\/","url":"https:\/\/www.institutcamirandmuzzi.com\/wp-content\/uploads\/2021\/11\/icm.png","contentUrl":"https:\/\/www.institutcamirandmuzzi.com\/wp-content\/uploads\/2021\/11\/icm.png","width":250,"height":80,"caption":"Institut Camirand Muzzi"},"image":{"@id":"https:\/\/www.institutcamirandmuzzi.com\/#\/schema\/logo\/image\/"},"sameAs":["https:\/\/www.facebook.com\/profile.php?id=100050764137042","https:\/\/x.com\/camirandmuzzi"]}]}},"_links":{"self":[{"href":"https:\/\/www.institutcamirandmuzzi.com\/en\/wp-json\/wp\/v2\/event_listing\/4814","targetHints":{"allow":["GET"]}}],"collection":[{"href":"https:\/\/www.institutcamirandmuzzi.com\/en\/wp-json\/wp\/v2\/event_listing"}],"about":[{"href":"https:\/\/www.institutcamirandmuzzi.com\/en\/wp-json\/wp\/v2\/types\/event_listing"}],"wp:featuredmedia":[{"embeddable":true,"href":"https:\/\/www.institutcamirandmuzzi.com\/en\/wp-json\/wp\/v2\/media\/3132"}],"wp:attachment":[{"href":"https:\/\/www.institutcamirandmuzzi.com\/en\/wp-json\/wp\/v2\/media?parent=4814"}],"wp:term":[{"taxonomy":"event_listing_category","embeddable":true,"href":"https:\/\/www.institutcamirandmuzzi.com\/en\/wp-json\/wp\/v2\/event_listing_category?post=4814"},{"taxonomy":"event_listing_type","embeddable":true,"href":"https:\/\/www.institutcamirandmuzzi.com\/en\/wp-json\/wp\/v2\/event_listing_type?post=4814"}],"curies":[{"name":"wp","href":"https:\/\/api.w.org\/{rel}","templated":true}]}}