{"id":5069,"date":"2025-03-24T14:25:41","date_gmt":"2025-03-24T18:25:41","guid":{"rendered":"https:\/\/www.institutcamirandmuzzi.com\/?post_type=event_listing&#038;p=5069"},"modified":"2025-10-15T21:48:44","modified_gmt":"2025-10-16T01:48:44","slug":"lien-mecanique-osteopathique-le-crane","status":"expired","type":"event_listing","link":"https:\/\/www.institutcamirandmuzzi.com\/en\/event\/lien-mecanique-osteopathique-le-crane\/","title":{"rendered":"Lien m\u00e9canique ost\u00e9opathique \u2013 Le cr\u00e2ne"},"content":{"rendered":"<h4><strong>S\u00e9minaire de 3 jours, 19-20-21 septembre 2025<\/strong><\/h4>\n<h4><strong>Horaire : 9h \u00e0 17h30. <\/strong><\/h4>\n<h4><strong>Pause midi: 1h30<\/strong><\/h4>\n<h4><strong>Cours donn\u00e9 en fran\u00e7ais.<\/strong><\/h4>\n<p>Ce stage pr\u00e9sente la m\u00e9thodologie du Lien M\u00e9canique Ost\u00e9opathique et son application<br \/>\npratique sur le cr\u00e2ne. Le concept du Lien M\u00e9canique Ost\u00e9opathique repose sur plusieurs points fondamentaux :<\/p>\n<ul>\n<li>Le rep\u00e9rage des structures anatomiques par la technique des\u00a0d\u00e9pressions cutan\u00e9es\u00a0et<br \/>\ndes points cr\u00e2niom\u00e9triques.<\/li>\n<li>Les tests en tension qui diagnostiquent clairement les pertes d&#8217;\u00e9lasticit\u00e9 tissulaire, d\u2019une mani\u00e8re fiable et reproductible.<\/li>\n<li>Les tests en balance inhibitrice qui posent le diagnostic des l\u00e9sions secondaires et dominantes.<\/li>\n<li>Le recoil, qui permet un ajustement sans manipulation ni mobilisation, gr\u00e2ce \u00e0 une technique simple, rapide et efficace.<br \/>\nToutes les l\u00e9sions articulaires du cr\u00e2ne sont examin\u00e9es d&#8217;une fa\u00e7on originale avec des tests<br \/>\nsp\u00e9cifiques et analytiques d\u00e9taill\u00e9s. De nombreuses nouveaut\u00e9s sont pr\u00e9sent\u00e9es \u00e0 ce stage : architecture du cr\u00e2ne (poutres, piliers, arcs, coupole), fosses nasales, sinus, dents, articulation temporo-mandibulaire (disque temporo- mandibulaire, processus corono\u00efde, etc.)<\/li>\n<\/ul>\n<p>Un s\u00e9minaire qui va sans nul doute r\u00e9volutionner votre pratique ost\u00e9opathique du cr\u00e2nien<\/p>\n<p><strong>Programme :<\/strong><\/p>\n<p><strong>1<sup>er<\/sup> JOUR\u00a0<\/strong><\/p>\n<p><strong>Matin:\u00a0<\/strong><\/p>\n<ul>\n<li>Introduction aux concepts du LMO appliqu\u00e9s \u00e0 la t\u00eate osseuse.<\/li>\n<li>Les points cr\u00e2niom\u00e9triques et leur int\u00e9r\u00eat en pratique ost\u00e9opathique.<\/li>\n<li>D\u00e9monstration d\u2019un traitement cr\u00e2nien.<\/li>\n<li>Pr\u00e9sentation de l\u2019architecture de la t\u00eate osseuse.<\/li>\n<\/ul>\n<p><strong>Apr\u00e8s-midi:\u00a0<\/strong><\/p>\n<ul>\n<li>Th\u00e9orie, clinique et pratique des lignes de force du cr\u00e2ne\u00a0: poutres, piliers, arcs et coupole.<\/li>\n<li>Tests en tension, tests en balance et traitement par recoil.<\/li>\n<li>Pr\u00e9sentation des points cl\u00e9s articulaires du cr\u00e2ne et des 7 s\u00e9quences de l\u2019examen.<\/li>\n<\/ul>\n<p><strong>2\u00e8me \u00a0JOUR\u00a0<\/strong><\/p>\n<p><strong>Matin:\u00a0<\/strong><\/p>\n<ul>\n<li>Th\u00e9orie et pratique des 1\u00e8re,\u00a02\u00e8me\u00a0et 3\u00e8me\u00a0s\u00e9quences\u00a0:\u00a0les 3 \u00e9tages, les membranes de tension r\u00e9ciproques et le module temporo-mandibulaire.<\/li>\n<li>Tests en tension, tests en balance et traitement par recoil.<\/li>\n<\/ul>\n<p><strong>Apr\u00e8s-midi:\u00a0<\/strong><\/p>\n<ul>\n<li>Th\u00e9orie, clinique et pratique des 4\u00e8me, 5\u00e8me\u00a0et 6\u00e8me\u00a0s\u00e9quences\u00a0:\u00a0les dents, le massif facial et les cavit\u00e9s de la face.<\/li>\n<li>Tests en tension, tests en balance et traitement par recoil.<\/li>\n<\/ul>\n<p><strong>3\u00e8me \u00a0JOUR\u00a0<\/strong><\/p>\n<p><strong>Matin:\u00a0<\/strong><\/p>\n<ul>\n<li>Th\u00e9orie, clinique et pratique de la 7\u00e8me\u00a0s\u00e9quence\u00a0: les sutures de la vo\u00fbte et la SSB.<\/li>\n<li>Tests en tension, tests en balance et traitement par recoil.<\/li>\n<li>Th\u00e9orie clinique et pratique des lignes de force et des points cl\u00e9s articulaires de l\u2019occiput.<\/li>\n<li>Tests en tension, tests en balance et traitement par recoil.<\/li>\n<\/ul>\n<p><strong>Apr\u00e8s-midi:<\/strong><\/p>\n<ul>\n<li>D\u00e9monstration d\u2019un traitement complet des 8 unit\u00e9s fonctionnelles.<\/li>\n<li>Synth\u00e8se et r\u00e9vision d\u2019un traitement complet du cr\u00e2ne.<\/li>\n<\/ul>\n<p><strong>Bio des enseignantes<\/strong><\/p>\n<p><img decoding=\"async\" class=\"alignnone wp-image-4226\" src=\"https:\/\/www.institutcamirandmuzzi.com\/wp-content\/uploads\/2024\/04\/Katherine.png\" alt=\"\" width=\"125\" height=\"167\" \/><\/p>\n<p>Karine Devant\u00e9ry est ergoth\u00e9rapeute (Universit\u00e9 de Montr\u00e9al, 1993) et ost\u00e9opathe (Coll\u00e8ge d\u2019\u00c9tudes Ost\u00e9opathiques de Montr\u00e9al, 2009). Elle est \u00e9galement titulaire d\u2019une maitrise de recherche en Sciences de la Sant\u00e9 (Universit\u00e9 de Sherbrooke, 2023) et est pr\u00e9sentement \u00e9tudiante au doctorat en Sciences de la Sant\u00e9 \u00e0 la Facult\u00e9 de M\u00e9decine de l\u2019Universit\u00e9 de Sherbrooke. Ses champs de recherche priorisent le tissus conjonctif et la biom\u00e9canique visc\u00e9rale.<\/p>\n<p>Elle a \u00e9t\u00e9 initi\u00e9e au Lien M\u00e9canique Ost\u00e9opathique (LMO) en 2007 et a depuis d\u00e9velopp\u00e9 une expertise avec cette approche de traitement, aupr\u00e8s d&#8217;une client\u00e8le pr\u00e9sentant des probl\u00e9matiques vari\u00e9es. Elle a \u00e9t\u00e9 impliqu\u00e9e comme assistante dans les cours de LMO de 2015 \u00e0 2020 (Montr\u00e9al, Qu\u00e9bec, Vancouver, Finlande), et est enseignante depuis 2020. Elle a \u00e9galement \u00e9t\u00e9 impliqu\u00e9e dans l\u2019enseignement de l&#8217;anatomie fonctionnelle et de la recherche en ost\u00e9opathie au CEO pendant une dizaine d\u2019ann\u00e9e. Elle est r\u00e9cipiendaire de plusieurs distinctions dont\u00a0le prix W.G. Sutherland (m\u00e9moire en ost\u00e9opathie, CEO, 2009) et est boursi\u00e8re des <em>Fonds de Recherche en Sant\u00e9 du Qu\u00e9bec<\/em> pour ses projets de maitrise et de doctorat.<\/p>\n<p><img decoding=\"async\" class=\"alignnone wp-image-4224\" src=\"https:\/\/www.institutcamirandmuzzi.com\/wp-content\/uploads\/2024\/04\/Chantal.png\" alt=\"\" width=\"118\" height=\"159\" \/><\/p>\n<p>Chantal Filion est une ost\u00e9opathe dipl\u00f4m\u00e9e du Coll\u00e8ge d\u2019\u00c9tudes Ost\u00e9opathiques de Montr\u00e9al depuis 1998 apr\u00e8s l\u2019obtention d\u2019un dipl\u00f4me en physioth\u00e9rapie de l\u2019Universit\u00e9 McGill en 1988. Sa grande exp\u00e9rience clinique lui a permis de d\u00e9velopper diff\u00e9rents outils th\u00e9rapeutiques. Elle a int\u00e9gr\u00e9 le Lien M\u00e9canique Ost\u00e9opathique \u00e0 sa pratique professionnelle depuis 2012. En plus de suivre diff\u00e9rentes formations en Europe et au Canada, elle a particip\u00e9 comme assistante et traductrice lors de formations \u00e0 Montr\u00e9al et Vancouver. Elle enseigne LMO depuis 2020.<\/p>\n","protected":false},"featured_media":5072,"template":"","meta":{"_acf_changed":false},"event_listing_category":[59],"event_listing_type":[57],"class_list":["post-5069","event_listing","type-event_listing","status-expired","has-post-thumbnail","hentry","event_listing_category-au-canada","event_listing_type-formation-en-presentiel"],"acf":[],"yoast_head":"<!-- This site is optimized with the Yoast SEO plugin v27.5 - https:\/\/yoast.com\/product\/yoast-seo-wordpress\/ -->\n<title>Lien m\u00e9canique ost\u00e9opathique \u2013 Le cr\u00e2ne | Institut Camirand Muzzi<\/title>\n<meta name=\"robots\" content=\"index, follow, max-snippet:-1, max-image-preview:large, max-video-preview:-1\" \/>\n<link rel=\"canonical\" href=\"https:\/\/www.institutcamirandmuzzi.com\/evenement\/lien-mecanique-osteopathique-le-crane\/\" \/>\n<meta property=\"og:locale\" content=\"en_US\" \/>\n<meta property=\"og:type\" content=\"article\" \/>\n<meta property=\"og:title\" content=\"Lien m\u00e9canique ost\u00e9opathique \u2013 Le cr\u00e2ne | Institut Camirand Muzzi\" \/>\n<meta property=\"og:description\" content=\"S\u00e9minaire de 3 jours, 19-20-21 septembre 2025 Horaire : 9h \u00e0 17h30. Pause midi: 1h30 Cours donn\u00e9 en fran\u00e7ais. Ce stage pr\u00e9sente la m\u00e9thodologie du Lien M\u00e9canique Ost\u00e9opathique et son application pratique sur le cr\u00e2ne. Le concept du Lien M\u00e9canique Ost\u00e9opathique repose sur plusieurs points fondamentaux : Le rep\u00e9rage des structures anatomiques par la technique ... Lien m\u00e9canique ost\u00e9opathique \u2013 Le cr\u00e2ne\" \/>\n<meta property=\"og:url\" content=\"https:\/\/www.institutcamirandmuzzi.com\/evenement\/lien-mecanique-osteopathique-le-crane\/\" \/>\n<meta property=\"og:site_name\" content=\"Institut Camirand Muzzi\" \/>\n<meta property=\"article:publisher\" content=\"https:\/\/www.facebook.com\/profile.php?id=100050764137042\" \/>\n<meta property=\"article:modified_time\" content=\"2025-10-16T01:48:44+00:00\" \/>\n<meta property=\"og:image\" content=\"https:\/\/www.institutcamirandmuzzi.com\/wp-content\/uploads\/2025\/03\/lmo3.3.png\" \/>\n\t<meta property=\"og:image:width\" content=\"946\" \/>\n\t<meta property=\"og:image:height\" content=\"627\" \/>\n\t<meta property=\"og:image:type\" content=\"image\/png\" \/>\n<meta name=\"twitter:card\" content=\"summary_large_image\" \/>\n<meta name=\"twitter:site\" content=\"@camirandmuzzi\" \/>\n<meta name=\"twitter:label1\" content=\"Est. reading time\" \/>\n\t<meta name=\"twitter:data1\" content=\"4 minutes\" \/>\n<script type=\"application\/ld+json\" class=\"yoast-schema-graph\">{\"@context\":\"https:\\\/\\\/schema.org\",\"@graph\":[{\"@type\":\"WebPage\",\"@id\":\"https:\\\/\\\/www.institutcamirandmuzzi.com\\\/evenement\\\/lien-mecanique-osteopathique-le-crane\\\/\",\"url\":\"https:\\\/\\\/www.institutcamirandmuzzi.com\\\/evenement\\\/lien-mecanique-osteopathique-le-crane\\\/\",\"name\":\"Lien m\u00e9canique ost\u00e9opathique \u2013 Le cr\u00e2ne | Institut Camirand Muzzi\",\"isPartOf\":{\"@id\":\"https:\\\/\\\/www.institutcamirandmuzzi.com\\\/#website\"},\"primaryImageOfPage\":{\"@id\":\"https:\\\/\\\/www.institutcamirandmuzzi.com\\\/evenement\\\/lien-mecanique-osteopathique-le-crane\\\/#primaryimage\"},\"image\":{\"@id\":\"https:\\\/\\\/www.institutcamirandmuzzi.com\\\/evenement\\\/lien-mecanique-osteopathique-le-crane\\\/#primaryimage\"},\"thumbnailUrl\":\"https:\\\/\\\/www.institutcamirandmuzzi.com\\\/wp-content\\\/uploads\\\/2025\\\/03\\\/lmo3.3.png\",\"datePublished\":\"2025-03-24T18:25:41+00:00\",\"dateModified\":\"2025-10-16T01:48:44+00:00\",\"breadcrumb\":{\"@id\":\"https:\\\/\\\/www.institutcamirandmuzzi.com\\\/evenement\\\/lien-mecanique-osteopathique-le-crane\\\/#breadcrumb\"},\"inLanguage\":\"en-US\",\"potentialAction\":[{\"@type\":\"ReadAction\",\"target\":[\"https:\\\/\\\/www.institutcamirandmuzzi.com\\\/evenement\\\/lien-mecanique-osteopathique-le-crane\\\/\"]}]},{\"@type\":\"ImageObject\",\"inLanguage\":\"en-US\",\"@id\":\"https:\\\/\\\/www.institutcamirandmuzzi.com\\\/evenement\\\/lien-mecanique-osteopathique-le-crane\\\/#primaryimage\",\"url\":\"https:\\\/\\\/www.institutcamirandmuzzi.com\\\/wp-content\\\/uploads\\\/2025\\\/03\\\/lmo3.3.png\",\"contentUrl\":\"https:\\\/\\\/www.institutcamirandmuzzi.com\\\/wp-content\\\/uploads\\\/2025\\\/03\\\/lmo3.3.png\",\"width\":946,\"height\":627},{\"@type\":\"BreadcrumbList\",\"@id\":\"https:\\\/\\\/www.institutcamirandmuzzi.com\\\/evenement\\\/lien-mecanique-osteopathique-le-crane\\\/#breadcrumb\",\"itemListElement\":[{\"@type\":\"ListItem\",\"position\":1,\"name\":\"Accueil\",\"item\":\"https:\\\/\\\/www.institutcamirandmuzzi.com\\\/en\\\/\"},{\"@type\":\"ListItem\",\"position\":2,\"name\":\"\u00c9v\u00e8nements\",\"item\":\"https:\\\/\\\/www.institutcamirandmuzzi.com\\\/\u00e9v\u00e9nement\\\/\"},{\"@type\":\"ListItem\",\"position\":3,\"name\":\"Lien m\u00e9canique ost\u00e9opathique \u2013 Le cr\u00e2ne\"}]},{\"@type\":\"WebSite\",\"@id\":\"https:\\\/\\\/www.institutcamirandmuzzi.com\\\/#website\",\"url\":\"https:\\\/\\\/www.institutcamirandmuzzi.com\\\/\",\"name\":\"Institut Camirand Muzzi\",\"description\":\"Formations continues en ost\u00e9opathie int\u00e9grative\",\"publisher\":{\"@id\":\"https:\\\/\\\/www.institutcamirandmuzzi.com\\\/#organization\"},\"potentialAction\":[{\"@type\":\"SearchAction\",\"target\":{\"@type\":\"EntryPoint\",\"urlTemplate\":\"https:\\\/\\\/www.institutcamirandmuzzi.com\\\/?s={search_term_string}\"},\"query-input\":{\"@type\":\"PropertyValueSpecification\",\"valueRequired\":true,\"valueName\":\"search_term_string\"}}],\"inLanguage\":\"en-US\"},{\"@type\":\"Organization\",\"@id\":\"https:\\\/\\\/www.institutcamirandmuzzi.com\\\/#organization\",\"name\":\"Institut Camirand Muzzi\",\"alternateName\":\"Institut Camirand Muzzi\",\"url\":\"https:\\\/\\\/www.institutcamirandmuzzi.com\\\/\",\"logo\":{\"@type\":\"ImageObject\",\"inLanguage\":\"en-US\",\"@id\":\"https:\\\/\\\/www.institutcamirandmuzzi.com\\\/#\\\/schema\\\/logo\\\/image\\\/\",\"url\":\"https:\\\/\\\/www.institutcamirandmuzzi.com\\\/wp-content\\\/uploads\\\/2021\\\/11\\\/icm.png\",\"contentUrl\":\"https:\\\/\\\/www.institutcamirandmuzzi.com\\\/wp-content\\\/uploads\\\/2021\\\/11\\\/icm.png\",\"width\":250,\"height\":80,\"caption\":\"Institut Camirand Muzzi\"},\"image\":{\"@id\":\"https:\\\/\\\/www.institutcamirandmuzzi.com\\\/#\\\/schema\\\/logo\\\/image\\\/\"},\"sameAs\":[\"https:\\\/\\\/www.facebook.com\\\/profile.php?id=100050764137042\",\"https:\\\/\\\/x.com\\\/camirandmuzzi\"]}]}<\/script>\n<!-- \/ Yoast SEO plugin. -->","yoast_head_json":{"title":"Lien m\u00e9canique ost\u00e9opathique \u2013 Le cr\u00e2ne | Institut Camirand Muzzi","robots":{"index":"index","follow":"follow","max-snippet":"max-snippet:-1","max-image-preview":"max-image-preview:large","max-video-preview":"max-video-preview:-1"},"canonical":"https:\/\/www.institutcamirandmuzzi.com\/evenement\/lien-mecanique-osteopathique-le-crane\/","og_locale":"en_US","og_type":"article","og_title":"Lien m\u00e9canique ost\u00e9opathique \u2013 Le cr\u00e2ne | Institut Camirand Muzzi","og_description":"S\u00e9minaire de 3 jours, 19-20-21 septembre 2025 Horaire : 9h \u00e0 17h30. Pause midi: 1h30 Cours donn\u00e9 en fran\u00e7ais. Ce stage pr\u00e9sente la m\u00e9thodologie du Lien M\u00e9canique Ost\u00e9opathique et son application pratique sur le cr\u00e2ne. Le concept du Lien M\u00e9canique Ost\u00e9opathique repose sur plusieurs points fondamentaux : Le rep\u00e9rage des structures anatomiques par la technique ... Lien m\u00e9canique ost\u00e9opathique \u2013 Le cr\u00e2ne","og_url":"https:\/\/www.institutcamirandmuzzi.com\/evenement\/lien-mecanique-osteopathique-le-crane\/","og_site_name":"Institut Camirand Muzzi","article_publisher":"https:\/\/www.facebook.com\/profile.php?id=100050764137042","article_modified_time":"2025-10-16T01:48:44+00:00","og_image":[{"width":946,"height":627,"url":"https:\/\/www.institutcamirandmuzzi.com\/wp-content\/uploads\/2025\/03\/lmo3.3.png","type":"image\/png"}],"twitter_card":"summary_large_image","twitter_site":"@camirandmuzzi","twitter_misc":{"Est. reading time":"4 minutes"},"schema":{"@context":"https:\/\/schema.org","@graph":[{"@type":"WebPage","@id":"https:\/\/www.institutcamirandmuzzi.com\/evenement\/lien-mecanique-osteopathique-le-crane\/","url":"https:\/\/www.institutcamirandmuzzi.com\/evenement\/lien-mecanique-osteopathique-le-crane\/","name":"Lien m\u00e9canique ost\u00e9opathique \u2013 Le cr\u00e2ne | Institut Camirand Muzzi","isPartOf":{"@id":"https:\/\/www.institutcamirandmuzzi.com\/#website"},"primaryImageOfPage":{"@id":"https:\/\/www.institutcamirandmuzzi.com\/evenement\/lien-mecanique-osteopathique-le-crane\/#primaryimage"},"image":{"@id":"https:\/\/www.institutcamirandmuzzi.com\/evenement\/lien-mecanique-osteopathique-le-crane\/#primaryimage"},"thumbnailUrl":"https:\/\/www.institutcamirandmuzzi.com\/wp-content\/uploads\/2025\/03\/lmo3.3.png","datePublished":"2025-03-24T18:25:41+00:00","dateModified":"2025-10-16T01:48:44+00:00","breadcrumb":{"@id":"https:\/\/www.institutcamirandmuzzi.com\/evenement\/lien-mecanique-osteopathique-le-crane\/#breadcrumb"},"inLanguage":"en-US","potentialAction":[{"@type":"ReadAction","target":["https:\/\/www.institutcamirandmuzzi.com\/evenement\/lien-mecanique-osteopathique-le-crane\/"]}]},{"@type":"ImageObject","inLanguage":"en-US","@id":"https:\/\/www.institutcamirandmuzzi.com\/evenement\/lien-mecanique-osteopathique-le-crane\/#primaryimage","url":"https:\/\/www.institutcamirandmuzzi.com\/wp-content\/uploads\/2025\/03\/lmo3.3.png","contentUrl":"https:\/\/www.institutcamirandmuzzi.com\/wp-content\/uploads\/2025\/03\/lmo3.3.png","width":946,"height":627},{"@type":"BreadcrumbList","@id":"https:\/\/www.institutcamirandmuzzi.com\/evenement\/lien-mecanique-osteopathique-le-crane\/#breadcrumb","itemListElement":[{"@type":"ListItem","position":1,"name":"Accueil","item":"https:\/\/www.institutcamirandmuzzi.com\/en\/"},{"@type":"ListItem","position":2,"name":"\u00c9v\u00e8nements","item":"https:\/\/www.institutcamirandmuzzi.com\/\u00e9v\u00e9nement\/"},{"@type":"ListItem","position":3,"name":"Lien m\u00e9canique ost\u00e9opathique \u2013 Le cr\u00e2ne"}]},{"@type":"WebSite","@id":"https:\/\/www.institutcamirandmuzzi.com\/#website","url":"https:\/\/www.institutcamirandmuzzi.com\/","name":"Institut Camirand Muzzi","description":"Formations continues en ost\u00e9opathie int\u00e9grative","publisher":{"@id":"https:\/\/www.institutcamirandmuzzi.com\/#organization"},"potentialAction":[{"@type":"SearchAction","target":{"@type":"EntryPoint","urlTemplate":"https:\/\/www.institutcamirandmuzzi.com\/?s={search_term_string}"},"query-input":{"@type":"PropertyValueSpecification","valueRequired":true,"valueName":"search_term_string"}}],"inLanguage":"en-US"},{"@type":"Organization","@id":"https:\/\/www.institutcamirandmuzzi.com\/#organization","name":"Institut Camirand Muzzi","alternateName":"Institut Camirand Muzzi","url":"https:\/\/www.institutcamirandmuzzi.com\/","logo":{"@type":"ImageObject","inLanguage":"en-US","@id":"https:\/\/www.institutcamirandmuzzi.com\/#\/schema\/logo\/image\/","url":"https:\/\/www.institutcamirandmuzzi.com\/wp-content\/uploads\/2021\/11\/icm.png","contentUrl":"https:\/\/www.institutcamirandmuzzi.com\/wp-content\/uploads\/2021\/11\/icm.png","width":250,"height":80,"caption":"Institut Camirand Muzzi"},"image":{"@id":"https:\/\/www.institutcamirandmuzzi.com\/#\/schema\/logo\/image\/"},"sameAs":["https:\/\/www.facebook.com\/profile.php?id=100050764137042","https:\/\/x.com\/camirandmuzzi"]}]}},"_links":{"self":[{"href":"https:\/\/www.institutcamirandmuzzi.com\/en\/wp-json\/wp\/v2\/event_listing\/5069","targetHints":{"allow":["GET"]}}],"collection":[{"href":"https:\/\/www.institutcamirandmuzzi.com\/en\/wp-json\/wp\/v2\/event_listing"}],"about":[{"href":"https:\/\/www.institutcamirandmuzzi.com\/en\/wp-json\/wp\/v2\/types\/event_listing"}],"wp:featuredmedia":[{"embeddable":true,"href":"https:\/\/www.institutcamirandmuzzi.com\/en\/wp-json\/wp\/v2\/media\/5072"}],"wp:attachment":[{"href":"https:\/\/www.institutcamirandmuzzi.com\/en\/wp-json\/wp\/v2\/media?parent=5069"}],"wp:term":[{"taxonomy":"event_listing_category","embeddable":true,"href":"https:\/\/www.institutcamirandmuzzi.com\/en\/wp-json\/wp\/v2\/event_listing_category?post=5069"},{"taxonomy":"event_listing_type","embeddable":true,"href":"https:\/\/www.institutcamirandmuzzi.com\/en\/wp-json\/wp\/v2\/event_listing_type?post=5069"}],"curies":[{"name":"wp","href":"https:\/\/api.w.org\/{rel}","templated":true}]}}