{"id":5298,"date":"2025-08-05T12:23:56","date_gmt":"2025-08-05T16:23:56","guid":{"rendered":"https:\/\/www.institutcamirandmuzzi.com\/?post_type=event_listing&#038;p=5298"},"modified":"2026-04-11T13:14:18","modified_gmt":"2026-04-11T17:14:18","slug":"stress-anxiete-et-depression-approche-osteopathique-integrative-de-lencephale-au-sein-de-laxe-cerveau-intestin-pelvis-nathalie-camirand-d-o","status":"expired","type":"event_listing","link":"https:\/\/www.institutcamirandmuzzi.com\/en\/event\/stress-anxiete-et-depression-approche-osteopathique-integrative-de-lencephale-au-sein-de-laxe-cerveau-intestin-pelvis-nathalie-camirand-d-o\/","title":{"rendered":"Stress, anxi\u00e9t\u00e9 et d\u00e9pression &#8211; Approche ost\u00e9opathique int\u00e9grative de l&#8217;enc\u00e9phale au sein de l&#8217;axe cerveau-intestin-pelvis. Nathalie Camirand D.O."},"content":{"rendered":"<p><strong>Format de la formation<\/strong><br \/>\n\u2022 Partie th\u00e9orique : contenu transmis en amont (vid\u00e9o)<br \/>\n\u2022 S\u00e9minaire en pr\u00e9sentiel : 3 jours<br \/>\n\u2022 Dates : 30-31 janvier et 1er f\u00e9vrier 2026<br \/>\n\u2022 Horaire : 9h \u00e0 17h30 (fin \u00e0 16h00 le dernier jour)<br \/>\n\u2022 Langue : fran\u00e7ais<br \/>\n\u2022 Public cible : ost\u00e9opathes dipl\u00f4m\u00e9s<\/p>\n<p><strong>Description de la formation<\/strong><br \/>\nCes derni\u00e8res ann\u00e9es, les troubles li\u00e9s au stress occupent une place centrale dans la pratique clinique. Pourtant, leur prise en charge ost\u00e9opathique demeure souvent partielle lorsque l\u2019enc\u00e9phale n\u2019est pas pleinement int\u00e9gr\u00e9 \u00e0 la strat\u00e9gie th\u00e9rapeutique.<\/p>\n<p>S\u2019appuyant sur le cadre clinique et scientifique d\u00e9velopp\u00e9 dans son ouvrage publi\u00e9 chez Elsevier, <em>Axe cerveau\u2013intestin\u2013pelvis en ost\u00e9opathie<\/em> (\u00e9galement traduit en allemand), Nathalie Camirand propose un s\u00e9minaire avanc\u00e9 centr\u00e9 sur le r\u00f4le de l\u2019enc\u00e9phale dans la r\u00e9gulation du stress, de l\u2019anxi\u00e9t\u00e9 et des troubles d\u00e9pressifs.<\/p>\n<p>Si l\u2019axe cerveau\u2013intestin\u2013pelvis constitue le cadre int\u00e9gratif de r\u00e9f\u00e9rence, cette formation met l\u2019accent sur les structures neuro-enc\u00e9phalique impliqu\u00e9es dans la r\u00e9gulation \u00e9motionnelle et la modulation neurov\u00e9g\u00e9tative.<\/p>\n<p>Ce s\u00e9minaire allie pr\u00e9cision anatomique, neurophysiologie fonctionnelle et techniques manuelles sp\u00e9cifiques. Il inclut notamment le travail des membranes durales cr\u00e2niennes et sacr\u00e9es, la d\u00e9compression de la synchondrose sph\u00e9no-basilaire (SSB), ainsi que des techniques cibl\u00e9es sur les structures enc\u00e9phaliques impliqu\u00e9es dans le stress, l\u2019anxi\u00e9t\u00e9 et la d\u00e9pression, incluant la fosse post\u00e9rieure, diff\u00e9rentes composantes du syst\u00e8me limbique, le corps calleux et le n\u00e9ocortex.<\/p>\n<p>Des techniques art\u00e9rielles sp\u00e9cifiques ciblant ces diff\u00e9rentes zones, ainsi que des approches neurov\u00e9g\u00e9tatives, notamment sur le syst\u00e8me sympathique et le nerf vague, sont \u00e9galement abord\u00e9es en lien avec les troubles de l\u2019humeur. Le nerf phr\u00e9nique est \u00e9galement abord\u00e9 cliniquement, grand acteur dans les \u00e9tats de stress.<\/p>\n<p>Un accent particulier est mis sur l\u2019identification des zones enc\u00e9phaliques en dysfonction en lien avec la pr\u00e9sentation clinique, ainsi que sur l\u2019application d\u2019interventions ost\u00e9opathiques pr\u00e9cises, reproductibles et directement applicables en pratique.<\/p>\n<p>Fond\u00e9e sur une exp\u00e9rience clinique approfondie et soutenue par une revue rigoureuse de la litt\u00e9rature actuelle, cette formation offre aux praticiens un cadre neuro-ost\u00e9opathique structur\u00e9 pour aborder les troubles li\u00e9s au stress.<\/p>\n<p><strong>Objectifs de la formation<\/strong><\/p>\n<p><strong>\u00c0 l\u2019issue de la formation, le participant sera en mesure de :<br \/>\n<\/strong>\u2022 Comprendre les m\u00e9canismes du stress, de l\u2019anxi\u00e9t\u00e9 et de la d\u00e9pression dans une perspective int\u00e9grative<br \/>\n\u2022 Identifier les structures enc\u00e9phaliques impliqu\u00e9es dans les troubles de l\u2019humeur<br \/>\n\u2022 R\u00e9aliser une \u00e9valuation ost\u00e9opathique des diff\u00e9rentes composantes de l\u2019enc\u00e9phale<br \/>\n\u2022 Appliquer des techniques sp\u00e9cifiques adapt\u00e9es aux structures nerveuses, vasculaires et m\u00e9ning\u00e9es<br \/>\n\u2022 Int\u00e9grer l\u2019axe cerveau-intestin-pelvis dans le raisonnement et la pratique clinique<br \/>\n\u2022 Adapter la prise en charge en fonction des manifestations cliniques observ\u00e9es<\/p>\n<p>&nbsp;<\/p>\n<h3>Objectifs sp\u00e9cifiques \u2013 partie th\u00e9orique<\/h3>\n<p><strong>\u00c0 l\u2019issue de la partie th\u00e9orique, le participant sera en mesure de :<br \/>\n<\/strong>\u2022 Comprendre les notions de stress, d\u2019anxi\u00e9t\u00e9 et de d\u00e9pression et leurs manifestations<br \/>\n\u2022 Int\u00e9grer les mod\u00e8les th\u00e9oriques associ\u00e9s (stades d\u2019adaptation, triangle de Beck)<br \/>\n\u2022 Comprendre le r\u00f4le des neurotransmetteurs et des diff\u00e9rentes structures c\u00e9r\u00e9brales<br \/>\n\u2022 Identifier les axes de r\u00e9gulation impliqu\u00e9s (sympathique, parasympathique, axe C-I-P)<br \/>\n\u2022 Structurer une anamn\u00e8se adapt\u00e9e aux troubles de l\u2019humeur<\/p>\n<p><strong>Objectifs sp\u00e9cifiques \u2013 partie pratique<\/strong><\/p>\n<p><strong>\u00c0 l\u2019issue de la partie pratique, le participant sera en mesure de :<br \/>\n<\/strong>\u2022 \u00c9valuer les structures enc\u00e9phaliques et leurs relations fonctionnelles<br \/>\n\u2022 Appliquer des techniques sur les structures m\u00e9ning\u00e9es et la voie c\u00e9r\u00e9bro-spinale<br \/>\n\u2022 Travailler les diff\u00e9rentes zones c\u00e9r\u00e9brales impliqu\u00e9es (syst\u00e8me limbique, tronc c\u00e9r\u00e9bral, n\u00e9ocortex)<br \/>\n\u2022 Int\u00e9grer les approches vasculaires c\u00e9r\u00e9brales<br \/>\n\u2022 Appliquer des techniques sp\u00e9cifiques sur les nerfs vague et phr\u00e9nique<br \/>\n\u2022 Adapter les techniques en fonction des r\u00e9ponses du patient<\/p>\n<h3>Plan de formation<\/h3>\n<p><strong>Partie th\u00e9orique<br \/>\n<\/strong>\u2022 Notions de stress, anxi\u00e9t\u00e9 et d\u00e9pression<br \/>\n\u2022 Stades d\u2019adaptation et pr\u00e9vention<br \/>\n\u2022 Triangle de Beck<br \/>\n\u2022 \u00c9quilibre sympathico-vagal<br \/>\n\u2022 Neurotransmetteurs et sant\u00e9 mentale<br \/>\n\u2022 Structures c\u00e9r\u00e9brales impliqu\u00e9es<br \/>\n\u2022 M\u00e9thodologie de l\u2019anamn\u00e8se<\/p>\n<p><strong>Plan de la formation en pr\u00e9sentiel<\/strong><\/p>\n<p><strong>Jour 1<br \/>\nAM<br \/>\n<\/strong>\u2022 Introduction et approche clinique<br \/>\n\u2022 R\u00e9vision des concepts th\u00e9oriques<br \/>\n\u2022 Tests posturaux et tests des sph\u00e8res<br \/>\n\u2022 Approche de la dure-m\u00e8re sacr\u00e9e et du filum terminal<br \/>\n<strong>PM<\/strong><br \/>\n\u2022 Approche du cerveau primitif et du syst\u00e8me limbique<br \/>\n\u2022 D\u00e9compression SSB<br \/>\n\u2022 Techniques de la dure-m\u00e8re cr\u00e2nienne<br \/>\n\u2022 Approche des cervicales et de la fosse post\u00e9rieure<\/p>\n<p><strong>Jour 2<br \/>\nAM<br \/>\n<\/strong>\u2022 Approche du n\u00e9ocortex<br \/>\n\u2022 \u00c9valuation des structures c\u00e9r\u00e9brales<br \/>\n\u2022 Tronc c\u00e9r\u00e9bral et thalamus<br \/>\n<strong>PM<\/strong><br \/>\n\u2022 Travail des structures du syst\u00e8me limbique (amygdale, hippocampe)<br \/>\n\u2022 Approche des diff\u00e9rentes zones corticales<br \/>\n\u2022 Int\u00e9gration fonctionnelle et neurov\u00e9g\u00e9tative<\/p>\n<p><strong>Jour 3<br \/>\nAM<br \/>\n<\/strong>\u2022 Approche art\u00e9rielle c\u00e9r\u00e9brale<br \/>\n\u2022 Techniques sur les art\u00e8res vert\u00e9brales et carotides<br \/>\n\u2022 Travail des art\u00e8res c\u00e9r\u00e9brales<br \/>\n<strong>PM<\/strong><br \/>\n\u2022 Approche du nerf vague et du nerf phr\u00e9nique<br \/>\n\u2022 Travail des structures m\u00e9ning\u00e9es spinales<br \/>\n\u2022 Int\u00e9gration de l\u2019axe cerveau-intestin-pelvis<\/p>\n<p>M\u00e9thodes p\u00e9dagogiques<br \/>\n\u2022 Expos\u00e9s th\u00e9oriques<br \/>\n\u2022 D\u00e9monstrations<br \/>\n\u2022 Pratique supervis\u00e9e<br \/>\n\u2022 \u00c9tudes de cas<br \/>\n\u2022 \u00c9changes cliniques<\/p>\n<p><strong>M\u00e9thodes d\u2019\u00e9valuation des apprentissages<\/strong><br \/>\nL\u2019\u00e9valuation repose sur une approche formative continue :<br \/>\n\u2022 Observation en pratique<br \/>\n\u2022 Participation active<br \/>\n\u2022 Int\u00e9gration des concepts<br \/>\n\u2022 Qualit\u00e9 des techniques r\u00e9alis\u00e9es<br \/>\nDes r\u00e9troactions sont donn\u00e9es tout au long de la formation afin de soutenir l\u2019apprentissage<\/p>\n<p><strong>Un questionnaire d\u2019\u00e9valuation<\/strong> est \u00e9galement remis aux participants \u00e0 la fin de la formation afin d\u2019\u00e9valuer le contenu, les m\u00e9thodes p\u00e9dagogiques, l\u2019organisation ainsi que les conditions mat\u00e9rielles (lieux, logistique, etc.), dans une perspective d\u2019am\u00e9lioration continue.<\/p>\n","protected":false},"featured_media":1186,"template":"","meta":{"_acf_changed":false},"event_listing_category":[59],"event_listing_type":[57],"class_list":["post-5298","event_listing","type-event_listing","status-expired","has-post-thumbnail","hentry","event_listing_category-au-canada","event_listing_type-formation-en-presentiel"],"acf":[],"yoast_head":"<!-- This site is optimized with the Yoast SEO plugin v27.3 - https:\/\/yoast.com\/product\/yoast-seo-wordpress\/ -->\n<title>Stress, anxi\u00e9t\u00e9 et d\u00e9pression - Approche ost\u00e9opathique int\u00e9grative de l&#039;enc\u00e9phale au sein de l&#039;axe cerveau-intestin-pelvis. Nathalie Camirand D.O. | Institut Camirand Muzzi<\/title>\n<meta name=\"robots\" content=\"index, follow, max-snippet:-1, max-image-preview:large, max-video-preview:-1\" \/>\n<link rel=\"canonical\" href=\"https:\/\/www.institutcamirandmuzzi.com\/evenement\/stress-anxiete-et-depression-approche-osteopathique-integrative-de-lencephale-au-sein-de-laxe-cerveau-intestin-pelvis-nathalie-camirand-d-o\/\" \/>\n<meta property=\"og:locale\" content=\"en_US\" \/>\n<meta property=\"og:type\" content=\"article\" \/>\n<meta property=\"og:title\" content=\"Stress, anxi\u00e9t\u00e9 et d\u00e9pression - Approche ost\u00e9opathique int\u00e9grative de l&#039;enc\u00e9phale au sein de l&#039;axe cerveau-intestin-pelvis. Nathalie Camirand D.O. | Institut Camirand Muzzi\" \/>\n<meta property=\"og:description\" content=\"Format de la formation \u2022 Partie th\u00e9orique : contenu transmis en amont (vid\u00e9o) \u2022 S\u00e9minaire en pr\u00e9sentiel : 3 jours \u2022 Dates : 30-31 janvier et 1er f\u00e9vrier 2026 \u2022 Horaire : 9h \u00e0 17h30 (fin \u00e0 16h00 le dernier jour) \u2022 Langue : fran\u00e7ais \u2022 Public cible : ost\u00e9opathes dipl\u00f4m\u00e9s Description de la formation ... Stress, anxi\u00e9t\u00e9 et d\u00e9pression &#8211; Approche ost\u00e9opathique int\u00e9grative de l&#8217;enc\u00e9phale au sein de l&#8217;axe cerveau-intestin-pelvis. Nathalie Camirand D.O.\" \/>\n<meta property=\"og:url\" content=\"https:\/\/www.institutcamirandmuzzi.com\/evenement\/stress-anxiete-et-depression-approche-osteopathique-integrative-de-lencephale-au-sein-de-laxe-cerveau-intestin-pelvis-nathalie-camirand-d-o\/\" \/>\n<meta property=\"og:site_name\" content=\"Institut Camirand Muzzi\" \/>\n<meta property=\"article:publisher\" content=\"https:\/\/www.facebook.com\/profile.php?id=100050764137042\" \/>\n<meta property=\"article:modified_time\" content=\"2026-04-11T17:14:18+00:00\" \/>\n<meta property=\"og:image\" content=\"https:\/\/www.institutcamirandmuzzi.com\/wp-content\/uploads\/2020\/12\/cerveau-encephalique-3.jpg\" \/>\n\t<meta property=\"og:image:width\" content=\"720\" \/>\n\t<meta property=\"og:image:height\" content=\"405\" \/>\n\t<meta property=\"og:image:type\" content=\"image\/jpeg\" \/>\n<meta name=\"twitter:card\" content=\"summary_large_image\" \/>\n<meta name=\"twitter:site\" content=\"@camirandmuzzi\" \/>\n<meta name=\"twitter:label1\" content=\"Est. reading time\" \/>\n\t<meta name=\"twitter:data1\" content=\"5 minutes\" \/>\n<script type=\"application\/ld+json\" class=\"yoast-schema-graph\">{\"@context\":\"https:\\\/\\\/schema.org\",\"@graph\":[{\"@type\":\"WebPage\",\"@id\":\"https:\\\/\\\/www.institutcamirandmuzzi.com\\\/evenement\\\/stress-anxiete-et-depression-approche-osteopathique-integrative-de-lencephale-au-sein-de-laxe-cerveau-intestin-pelvis-nathalie-camirand-d-o\\\/\",\"url\":\"https:\\\/\\\/www.institutcamirandmuzzi.com\\\/evenement\\\/stress-anxiete-et-depression-approche-osteopathique-integrative-de-lencephale-au-sein-de-laxe-cerveau-intestin-pelvis-nathalie-camirand-d-o\\\/\",\"name\":\"Stress, anxi\u00e9t\u00e9 et d\u00e9pression - Approche ost\u00e9opathique int\u00e9grative de l'enc\u00e9phale au sein de l'axe cerveau-intestin-pelvis. Nathalie Camirand D.O. | Institut Camirand Muzzi\",\"isPartOf\":{\"@id\":\"https:\\\/\\\/www.institutcamirandmuzzi.com\\\/#website\"},\"primaryImageOfPage\":{\"@id\":\"https:\\\/\\\/www.institutcamirandmuzzi.com\\\/evenement\\\/stress-anxiete-et-depression-approche-osteopathique-integrative-de-lencephale-au-sein-de-laxe-cerveau-intestin-pelvis-nathalie-camirand-d-o\\\/#primaryimage\"},\"image\":{\"@id\":\"https:\\\/\\\/www.institutcamirandmuzzi.com\\\/evenement\\\/stress-anxiete-et-depression-approche-osteopathique-integrative-de-lencephale-au-sein-de-laxe-cerveau-intestin-pelvis-nathalie-camirand-d-o\\\/#primaryimage\"},\"thumbnailUrl\":\"https:\\\/\\\/www.institutcamirandmuzzi.com\\\/wp-content\\\/uploads\\\/2020\\\/12\\\/cerveau-encephalique-3.jpg\",\"datePublished\":\"2025-08-05T16:23:56+00:00\",\"dateModified\":\"2026-04-11T17:14:18+00:00\",\"breadcrumb\":{\"@id\":\"https:\\\/\\\/www.institutcamirandmuzzi.com\\\/evenement\\\/stress-anxiete-et-depression-approche-osteopathique-integrative-de-lencephale-au-sein-de-laxe-cerveau-intestin-pelvis-nathalie-camirand-d-o\\\/#breadcrumb\"},\"inLanguage\":\"en-US\",\"potentialAction\":[{\"@type\":\"ReadAction\",\"target\":[\"https:\\\/\\\/www.institutcamirandmuzzi.com\\\/evenement\\\/stress-anxiete-et-depression-approche-osteopathique-integrative-de-lencephale-au-sein-de-laxe-cerveau-intestin-pelvis-nathalie-camirand-d-o\\\/\"]}]},{\"@type\":\"ImageObject\",\"inLanguage\":\"en-US\",\"@id\":\"https:\\\/\\\/www.institutcamirandmuzzi.com\\\/evenement\\\/stress-anxiete-et-depression-approche-osteopathique-integrative-de-lencephale-au-sein-de-laxe-cerveau-intestin-pelvis-nathalie-camirand-d-o\\\/#primaryimage\",\"url\":\"https:\\\/\\\/www.institutcamirandmuzzi.com\\\/wp-content\\\/uploads\\\/2020\\\/12\\\/cerveau-encephalique-3.jpg\",\"contentUrl\":\"https:\\\/\\\/www.institutcamirandmuzzi.com\\\/wp-content\\\/uploads\\\/2020\\\/12\\\/cerveau-encephalique-3.jpg\",\"width\":720,\"height\":405},{\"@type\":\"BreadcrumbList\",\"@id\":\"https:\\\/\\\/www.institutcamirandmuzzi.com\\\/evenement\\\/stress-anxiete-et-depression-approche-osteopathique-integrative-de-lencephale-au-sein-de-laxe-cerveau-intestin-pelvis-nathalie-camirand-d-o\\\/#breadcrumb\",\"itemListElement\":[{\"@type\":\"ListItem\",\"position\":1,\"name\":\"Accueil\",\"item\":\"https:\\\/\\\/www.institutcamirandmuzzi.com\\\/en\\\/\"},{\"@type\":\"ListItem\",\"position\":2,\"name\":\"\u00c9v\u00e8nements\",\"item\":\"https:\\\/\\\/www.institutcamirandmuzzi.com\\\/\u00e9v\u00e9nement\\\/\"},{\"@type\":\"ListItem\",\"position\":3,\"name\":\"Stress, anxi\u00e9t\u00e9 et d\u00e9pression &#8211; Approche ost\u00e9opathique int\u00e9grative de l&rsquo;enc\u00e9phale au sein de l&rsquo;axe cerveau-intestin-pelvis. Nathalie Camirand D.O.\"}]},{\"@type\":\"WebSite\",\"@id\":\"https:\\\/\\\/www.institutcamirandmuzzi.com\\\/#website\",\"url\":\"https:\\\/\\\/www.institutcamirandmuzzi.com\\\/\",\"name\":\"Institut Camirand Muzzi\",\"description\":\"Formations continues en ost\u00e9opathie int\u00e9grative\",\"publisher\":{\"@id\":\"https:\\\/\\\/www.institutcamirandmuzzi.com\\\/#organization\"},\"potentialAction\":[{\"@type\":\"SearchAction\",\"target\":{\"@type\":\"EntryPoint\",\"urlTemplate\":\"https:\\\/\\\/www.institutcamirandmuzzi.com\\\/?s={search_term_string}\"},\"query-input\":{\"@type\":\"PropertyValueSpecification\",\"valueRequired\":true,\"valueName\":\"search_term_string\"}}],\"inLanguage\":\"en-US\"},{\"@type\":\"Organization\",\"@id\":\"https:\\\/\\\/www.institutcamirandmuzzi.com\\\/#organization\",\"name\":\"Institut Camirand Muzzi\",\"alternateName\":\"Institut Camirand Muzzi\",\"url\":\"https:\\\/\\\/www.institutcamirandmuzzi.com\\\/\",\"logo\":{\"@type\":\"ImageObject\",\"inLanguage\":\"en-US\",\"@id\":\"https:\\\/\\\/www.institutcamirandmuzzi.com\\\/#\\\/schema\\\/logo\\\/image\\\/\",\"url\":\"https:\\\/\\\/www.institutcamirandmuzzi.com\\\/wp-content\\\/uploads\\\/2021\\\/11\\\/icm.png\",\"contentUrl\":\"https:\\\/\\\/www.institutcamirandmuzzi.com\\\/wp-content\\\/uploads\\\/2021\\\/11\\\/icm.png\",\"width\":250,\"height\":80,\"caption\":\"Institut Camirand Muzzi\"},\"image\":{\"@id\":\"https:\\\/\\\/www.institutcamirandmuzzi.com\\\/#\\\/schema\\\/logo\\\/image\\\/\"},\"sameAs\":[\"https:\\\/\\\/www.facebook.com\\\/profile.php?id=100050764137042\",\"https:\\\/\\\/x.com\\\/camirandmuzzi\"]}]}<\/script>\n<!-- \/ Yoast SEO plugin. -->","yoast_head_json":{"title":"Stress, anxi\u00e9t\u00e9 et d\u00e9pression - Approche ost\u00e9opathique int\u00e9grative de l'enc\u00e9phale au sein de l'axe cerveau-intestin-pelvis. Nathalie Camirand D.O. | Institut Camirand Muzzi","robots":{"index":"index","follow":"follow","max-snippet":"max-snippet:-1","max-image-preview":"max-image-preview:large","max-video-preview":"max-video-preview:-1"},"canonical":"https:\/\/www.institutcamirandmuzzi.com\/evenement\/stress-anxiete-et-depression-approche-osteopathique-integrative-de-lencephale-au-sein-de-laxe-cerveau-intestin-pelvis-nathalie-camirand-d-o\/","og_locale":"en_US","og_type":"article","og_title":"Stress, anxi\u00e9t\u00e9 et d\u00e9pression - Approche ost\u00e9opathique int\u00e9grative de l'enc\u00e9phale au sein de l'axe cerveau-intestin-pelvis. Nathalie Camirand D.O. | Institut Camirand Muzzi","og_description":"Format de la formation \u2022 Partie th\u00e9orique : contenu transmis en amont (vid\u00e9o) \u2022 S\u00e9minaire en pr\u00e9sentiel : 3 jours \u2022 Dates : 30-31 janvier et 1er f\u00e9vrier 2026 \u2022 Horaire : 9h \u00e0 17h30 (fin \u00e0 16h00 le dernier jour) \u2022 Langue : fran\u00e7ais \u2022 Public cible : ost\u00e9opathes dipl\u00f4m\u00e9s Description de la formation ... Stress, anxi\u00e9t\u00e9 et d\u00e9pression &#8211; Approche ost\u00e9opathique int\u00e9grative de l&#8217;enc\u00e9phale au sein de l&#8217;axe cerveau-intestin-pelvis. Nathalie Camirand D.O.","og_url":"https:\/\/www.institutcamirandmuzzi.com\/evenement\/stress-anxiete-et-depression-approche-osteopathique-integrative-de-lencephale-au-sein-de-laxe-cerveau-intestin-pelvis-nathalie-camirand-d-o\/","og_site_name":"Institut Camirand Muzzi","article_publisher":"https:\/\/www.facebook.com\/profile.php?id=100050764137042","article_modified_time":"2026-04-11T17:14:18+00:00","og_image":[{"width":720,"height":405,"url":"https:\/\/www.institutcamirandmuzzi.com\/wp-content\/uploads\/2020\/12\/cerveau-encephalique-3.jpg","type":"image\/jpeg"}],"twitter_card":"summary_large_image","twitter_site":"@camirandmuzzi","twitter_misc":{"Est. reading time":"5 minutes"},"schema":{"@context":"https:\/\/schema.org","@graph":[{"@type":"WebPage","@id":"https:\/\/www.institutcamirandmuzzi.com\/evenement\/stress-anxiete-et-depression-approche-osteopathique-integrative-de-lencephale-au-sein-de-laxe-cerveau-intestin-pelvis-nathalie-camirand-d-o\/","url":"https:\/\/www.institutcamirandmuzzi.com\/evenement\/stress-anxiete-et-depression-approche-osteopathique-integrative-de-lencephale-au-sein-de-laxe-cerveau-intestin-pelvis-nathalie-camirand-d-o\/","name":"Stress, anxi\u00e9t\u00e9 et d\u00e9pression - Approche ost\u00e9opathique int\u00e9grative de l'enc\u00e9phale au sein de l'axe cerveau-intestin-pelvis. Nathalie Camirand D.O. | Institut Camirand Muzzi","isPartOf":{"@id":"https:\/\/www.institutcamirandmuzzi.com\/#website"},"primaryImageOfPage":{"@id":"https:\/\/www.institutcamirandmuzzi.com\/evenement\/stress-anxiete-et-depression-approche-osteopathique-integrative-de-lencephale-au-sein-de-laxe-cerveau-intestin-pelvis-nathalie-camirand-d-o\/#primaryimage"},"image":{"@id":"https:\/\/www.institutcamirandmuzzi.com\/evenement\/stress-anxiete-et-depression-approche-osteopathique-integrative-de-lencephale-au-sein-de-laxe-cerveau-intestin-pelvis-nathalie-camirand-d-o\/#primaryimage"},"thumbnailUrl":"https:\/\/www.institutcamirandmuzzi.com\/wp-content\/uploads\/2020\/12\/cerveau-encephalique-3.jpg","datePublished":"2025-08-05T16:23:56+00:00","dateModified":"2026-04-11T17:14:18+00:00","breadcrumb":{"@id":"https:\/\/www.institutcamirandmuzzi.com\/evenement\/stress-anxiete-et-depression-approche-osteopathique-integrative-de-lencephale-au-sein-de-laxe-cerveau-intestin-pelvis-nathalie-camirand-d-o\/#breadcrumb"},"inLanguage":"en-US","potentialAction":[{"@type":"ReadAction","target":["https:\/\/www.institutcamirandmuzzi.com\/evenement\/stress-anxiete-et-depression-approche-osteopathique-integrative-de-lencephale-au-sein-de-laxe-cerveau-intestin-pelvis-nathalie-camirand-d-o\/"]}]},{"@type":"ImageObject","inLanguage":"en-US","@id":"https:\/\/www.institutcamirandmuzzi.com\/evenement\/stress-anxiete-et-depression-approche-osteopathique-integrative-de-lencephale-au-sein-de-laxe-cerveau-intestin-pelvis-nathalie-camirand-d-o\/#primaryimage","url":"https:\/\/www.institutcamirandmuzzi.com\/wp-content\/uploads\/2020\/12\/cerveau-encephalique-3.jpg","contentUrl":"https:\/\/www.institutcamirandmuzzi.com\/wp-content\/uploads\/2020\/12\/cerveau-encephalique-3.jpg","width":720,"height":405},{"@type":"BreadcrumbList","@id":"https:\/\/www.institutcamirandmuzzi.com\/evenement\/stress-anxiete-et-depression-approche-osteopathique-integrative-de-lencephale-au-sein-de-laxe-cerveau-intestin-pelvis-nathalie-camirand-d-o\/#breadcrumb","itemListElement":[{"@type":"ListItem","position":1,"name":"Accueil","item":"https:\/\/www.institutcamirandmuzzi.com\/en\/"},{"@type":"ListItem","position":2,"name":"\u00c9v\u00e8nements","item":"https:\/\/www.institutcamirandmuzzi.com\/\u00e9v\u00e9nement\/"},{"@type":"ListItem","position":3,"name":"Stress, anxi\u00e9t\u00e9 et d\u00e9pression &#8211; Approche ost\u00e9opathique int\u00e9grative de l&rsquo;enc\u00e9phale au sein de l&rsquo;axe cerveau-intestin-pelvis. Nathalie Camirand D.O."}]},{"@type":"WebSite","@id":"https:\/\/www.institutcamirandmuzzi.com\/#website","url":"https:\/\/www.institutcamirandmuzzi.com\/","name":"Institut Camirand Muzzi","description":"Formations continues en ost\u00e9opathie int\u00e9grative","publisher":{"@id":"https:\/\/www.institutcamirandmuzzi.com\/#organization"},"potentialAction":[{"@type":"SearchAction","target":{"@type":"EntryPoint","urlTemplate":"https:\/\/www.institutcamirandmuzzi.com\/?s={search_term_string}"},"query-input":{"@type":"PropertyValueSpecification","valueRequired":true,"valueName":"search_term_string"}}],"inLanguage":"en-US"},{"@type":"Organization","@id":"https:\/\/www.institutcamirandmuzzi.com\/#organization","name":"Institut Camirand Muzzi","alternateName":"Institut Camirand Muzzi","url":"https:\/\/www.institutcamirandmuzzi.com\/","logo":{"@type":"ImageObject","inLanguage":"en-US","@id":"https:\/\/www.institutcamirandmuzzi.com\/#\/schema\/logo\/image\/","url":"https:\/\/www.institutcamirandmuzzi.com\/wp-content\/uploads\/2021\/11\/icm.png","contentUrl":"https:\/\/www.institutcamirandmuzzi.com\/wp-content\/uploads\/2021\/11\/icm.png","width":250,"height":80,"caption":"Institut Camirand Muzzi"},"image":{"@id":"https:\/\/www.institutcamirandmuzzi.com\/#\/schema\/logo\/image\/"},"sameAs":["https:\/\/www.facebook.com\/profile.php?id=100050764137042","https:\/\/x.com\/camirandmuzzi"]}]}},"_links":{"self":[{"href":"https:\/\/www.institutcamirandmuzzi.com\/en\/wp-json\/wp\/v2\/event_listing\/5298","targetHints":{"allow":["GET"]}}],"collection":[{"href":"https:\/\/www.institutcamirandmuzzi.com\/en\/wp-json\/wp\/v2\/event_listing"}],"about":[{"href":"https:\/\/www.institutcamirandmuzzi.com\/en\/wp-json\/wp\/v2\/types\/event_listing"}],"wp:featuredmedia":[{"embeddable":true,"href":"https:\/\/www.institutcamirandmuzzi.com\/en\/wp-json\/wp\/v2\/media\/1186"}],"wp:attachment":[{"href":"https:\/\/www.institutcamirandmuzzi.com\/en\/wp-json\/wp\/v2\/media?parent=5298"}],"wp:term":[{"taxonomy":"event_listing_category","embeddable":true,"href":"https:\/\/www.institutcamirandmuzzi.com\/en\/wp-json\/wp\/v2\/event_listing_category?post=5298"},{"taxonomy":"event_listing_type","embeddable":true,"href":"https:\/\/www.institutcamirandmuzzi.com\/en\/wp-json\/wp\/v2\/event_listing_type?post=5298"}],"curies":[{"name":"wp","href":"https:\/\/api.w.org\/{rel}","templated":true}]}}