{"id":5294,"date":"2025-08-05T11:36:28","date_gmt":"2025-08-05T15:36:28","guid":{"rendered":"https:\/\/www.institutcamirandmuzzi.com\/produit\/latm-dysfonctions-et-stabilite-occlusale-une-approche-myofasciale-integree-avec-exercices-therapeutiques-paul-evans-d-o-et-dr-alain-aube\/"},"modified":"2026-05-11T12:58:02","modified_gmt":"2026-05-11T16:58:02","slug":"latm-dysfonctions-et-stabilite-occlusale-une-approche-myofasciale-integree-avec-exercices-therapeutiques-paul-evans-d-o-et-dr-alain-aube","status":"publish","type":"product","link":"https:\/\/www.institutcamirandmuzzi.com\/en\/products\/latm-dysfonctions-et-stabilite-occlusale-une-approche-myofasciale-integree-avec-exercices-therapeutiques-paul-evans-d-o-et-dr-alain-aube\/","title":{"rendered":"L\u2019ATM : Dysfonctions et Stabilit\u00e9 Occlusales Une approche myofasciale int\u00e9gr\u00e9e avec exercices th\u00e9rapeutiques.  Paul Evans D.O et Dr Alain Aub\u00e9."},"content":{"rendered":"","protected":false},"excerpt":{"rendered":"","protected":false},"author":4,"featured_media":5303,"template":"","meta":{"_acf_changed":false},"product_brand":[],"product_cat":[65,63],"product_tag":[],"class_list":["post-5294","product","type-product","status-publish","has-post-thumbnail","product_cat-fep-accueil","product_cat-formation-en-presentiel","first","instock","virtual","taxable","purchasable","product-type-event_ticket"],"acf":[],"yoast_head":"<!-- This site is optimized with the Yoast SEO plugin v28.4 - https:\/\/yoast.com\/product\/yoast-seo-wordpress\/ -->\n<title>L\u2019ATM : Dysfonctions et Stabilit\u00e9 Occlusales Une approche myofasciale int\u00e9gr\u00e9e avec exercices th\u00e9rapeutiques. Paul Evans D.O et Dr Alain Aub\u00e9. | Institut Camirand Muzzi<\/title>\n<meta name=\"robots\" content=\"index, follow, max-snippet:-1, max-image-preview:large, max-video-preview:-1\" \/>\n<link rel=\"canonical\" href=\"https:\/\/www.institutcamirandmuzzi.com\/produit\/latm-dysfonctions-et-stabilite-occlusale-une-approche-myofasciale-integree-avec-exercices-therapeutiques-paul-evans-d-o-et-dr-alain-aube\/\" \/>\n<meta property=\"og:locale\" content=\"en_US\" \/>\n<meta property=\"og:type\" content=\"article\" \/>\n<meta property=\"og:title\" content=\"L\u2019ATM : Dysfonctions et Stabilit\u00e9 Occlusales Une approche myofasciale int\u00e9gr\u00e9e avec exercices th\u00e9rapeutiques. Paul Evans D.O et Dr Alain Aub\u00e9. | Institut Camirand Muzzi\" \/>\n<meta property=\"og:url\" content=\"https:\/\/www.institutcamirandmuzzi.com\/produit\/latm-dysfonctions-et-stabilite-occlusale-une-approche-myofasciale-integree-avec-exercices-therapeutiques-paul-evans-d-o-et-dr-alain-aube\/\" \/>\n<meta property=\"og:site_name\" content=\"Institut Camirand Muzzi\" \/>\n<meta property=\"article:publisher\" content=\"https:\/\/www.facebook.com\/profile.php?id=100050764137042\" \/>\n<meta property=\"article:modified_time\" content=\"2026-05-11T16:58:02+00:00\" \/>\n<meta property=\"og:image\" content=\"https:\/\/www.institutcamirandmuzzi.com\/wp-content\/uploads\/2025\/08\/ATM3.jpg\" \/>\n\t<meta property=\"og:image:width\" content=\"1280\" \/>\n\t<meta property=\"og:image:height\" content=\"720\" \/>\n\t<meta property=\"og:image:type\" content=\"image\/jpeg\" \/>\n<meta name=\"twitter:card\" content=\"summary_large_image\" \/>\n<meta name=\"twitter:site\" content=\"@camirandmuzzi\" \/>\n<meta name=\"twitter:label1\" content=\"Est. reading time\" \/>\n\t<meta name=\"twitter:data1\" content=\"1 minute\" \/>\n<script type=\"application\/ld+json\" class=\"yoast-schema-graph\">{\"@context\":\"https:\\\/\\\/schema.org\",\"@graph\":[{\"@type\":\"WebPage\",\"@id\":\"https:\\\/\\\/www.institutcamirandmuzzi.com\\\/produit\\\/latm-dysfonctions-et-stabilite-occlusale-une-approche-myofasciale-integree-avec-exercices-therapeutiques-paul-evans-d-o-et-dr-alain-aube\\\/\",\"url\":\"https:\\\/\\\/www.institutcamirandmuzzi.com\\\/produit\\\/latm-dysfonctions-et-stabilite-occlusale-une-approche-myofasciale-integree-avec-exercices-therapeutiques-paul-evans-d-o-et-dr-alain-aube\\\/\",\"name\":\"L\u2019ATM : Dysfonctions et Stabilit\u00e9 Occlusales Une approche myofasciale int\u00e9gr\u00e9e avec exercices th\u00e9rapeutiques. Paul Evans D.O et Dr Alain Aub\u00e9. | Institut Camirand Muzzi\",\"isPartOf\":{\"@id\":\"https:\\\/\\\/www.institutcamirandmuzzi.com\\\/#website\"},\"primaryImageOfPage\":{\"@id\":\"https:\\\/\\\/www.institutcamirandmuzzi.com\\\/produit\\\/latm-dysfonctions-et-stabilite-occlusale-une-approche-myofasciale-integree-avec-exercices-therapeutiques-paul-evans-d-o-et-dr-alain-aube\\\/#primaryimage\"},\"image\":{\"@id\":\"https:\\\/\\\/www.institutcamirandmuzzi.com\\\/produit\\\/latm-dysfonctions-et-stabilite-occlusale-une-approche-myofasciale-integree-avec-exercices-therapeutiques-paul-evans-d-o-et-dr-alain-aube\\\/#primaryimage\"},\"thumbnailUrl\":\"https:\\\/\\\/www.institutcamirandmuzzi.com\\\/wp-content\\\/uploads\\\/2025\\\/08\\\/ATM3.jpg\",\"datePublished\":\"2025-08-05T15:36:28+00:00\",\"dateModified\":\"2026-05-11T16:58:02+00:00\",\"breadcrumb\":{\"@id\":\"https:\\\/\\\/www.institutcamirandmuzzi.com\\\/produit\\\/latm-dysfonctions-et-stabilite-occlusale-une-approche-myofasciale-integree-avec-exercices-therapeutiques-paul-evans-d-o-et-dr-alain-aube\\\/#breadcrumb\"},\"inLanguage\":\"en-US\",\"potentialAction\":[{\"@type\":\"ReadAction\",\"target\":[\"https:\\\/\\\/www.institutcamirandmuzzi.com\\\/produit\\\/latm-dysfonctions-et-stabilite-occlusale-une-approche-myofasciale-integree-avec-exercices-therapeutiques-paul-evans-d-o-et-dr-alain-aube\\\/\"]}]},{\"@type\":\"ImageObject\",\"inLanguage\":\"en-US\",\"@id\":\"https:\\\/\\\/www.institutcamirandmuzzi.com\\\/produit\\\/latm-dysfonctions-et-stabilite-occlusale-une-approche-myofasciale-integree-avec-exercices-therapeutiques-paul-evans-d-o-et-dr-alain-aube\\\/#primaryimage\",\"url\":\"https:\\\/\\\/www.institutcamirandmuzzi.com\\\/wp-content\\\/uploads\\\/2025\\\/08\\\/ATM3.jpg\",\"contentUrl\":\"https:\\\/\\\/www.institutcamirandmuzzi.com\\\/wp-content\\\/uploads\\\/2025\\\/08\\\/ATM3.jpg\",\"width\":1280,\"height\":720},{\"@type\":\"BreadcrumbList\",\"@id\":\"https:\\\/\\\/www.institutcamirandmuzzi.com\\\/produit\\\/latm-dysfonctions-et-stabilite-occlusale-une-approche-myofasciale-integree-avec-exercices-therapeutiques-paul-evans-d-o-et-dr-alain-aube\\\/#breadcrumb\",\"itemListElement\":[{\"@type\":\"ListItem\",\"position\":1,\"name\":\"Accueil\",\"item\":\"https:\\\/\\\/www.institutcamirandmuzzi.com\\\/en\\\/\"},{\"@type\":\"ListItem\",\"position\":2,\"name\":\"Shop\",\"item\":\"https:\\\/\\\/www.institutcamirandmuzzi.com\\\/en\\\/shop\\\/\"},{\"@type\":\"ListItem\",\"position\":3,\"name\":\"L\u2019ATM : Dysfonctions et Stabilit\u00e9 Occlusales Une approche myofasciale int\u00e9gr\u00e9e avec exercices th\u00e9rapeutiques. Paul Evans D.O et Dr Alain Aub\u00e9.\"}]},{\"@type\":\"WebSite\",\"@id\":\"https:\\\/\\\/www.institutcamirandmuzzi.com\\\/#website\",\"url\":\"https:\\\/\\\/www.institutcamirandmuzzi.com\\\/\",\"name\":\"Institut Camirand Muzzi\",\"description\":\"Formations continues en ost\u00e9opathie int\u00e9grative\",\"publisher\":{\"@id\":\"https:\\\/\\\/www.institutcamirandmuzzi.com\\\/#organization\"},\"potentialAction\":[{\"@type\":\"SearchAction\",\"target\":{\"@type\":\"EntryPoint\",\"urlTemplate\":\"https:\\\/\\\/www.institutcamirandmuzzi.com\\\/?s={search_term_string}\"},\"query-input\":{\"@type\":\"PropertyValueSpecification\",\"valueRequired\":true,\"valueName\":\"search_term_string\"}}],\"inLanguage\":\"en-US\"},{\"@type\":\"Organization\",\"@id\":\"https:\\\/\\\/www.institutcamirandmuzzi.com\\\/#organization\",\"name\":\"Institut Camirand Muzzi\",\"alternateName\":\"Institut Camirand Muzzi\",\"url\":\"https:\\\/\\\/www.institutcamirandmuzzi.com\\\/\",\"logo\":{\"@type\":\"ImageObject\",\"inLanguage\":\"en-US\",\"@id\":\"https:\\\/\\\/www.institutcamirandmuzzi.com\\\/#\\\/schema\\\/logo\\\/image\\\/\",\"url\":\"https:\\\/\\\/www.institutcamirandmuzzi.com\\\/wp-content\\\/uploads\\\/2021\\\/11\\\/icm.png\",\"contentUrl\":\"https:\\\/\\\/www.institutcamirandmuzzi.com\\\/wp-content\\\/uploads\\\/2021\\\/11\\\/icm.png\",\"width\":250,\"height\":80,\"caption\":\"Institut Camirand Muzzi\"},\"image\":{\"@id\":\"https:\\\/\\\/www.institutcamirandmuzzi.com\\\/#\\\/schema\\\/logo\\\/image\\\/\"},\"sameAs\":[\"https:\\\/\\\/www.facebook.com\\\/profile.php?id=100050764137042\",\"https:\\\/\\\/x.com\\\/camirandmuzzi\"]}]}<\/script>\n<!-- \/ Yoast SEO plugin. -->","yoast_head_json":{"title":"L\u2019ATM : Dysfonctions et Stabilit\u00e9 Occlusales Une approche myofasciale int\u00e9gr\u00e9e avec exercices th\u00e9rapeutiques. Paul Evans D.O et Dr Alain Aub\u00e9. | Institut Camirand Muzzi","robots":{"index":"index","follow":"follow","max-snippet":"max-snippet:-1","max-image-preview":"max-image-preview:large","max-video-preview":"max-video-preview:-1"},"canonical":"https:\/\/www.institutcamirandmuzzi.com\/produit\/latm-dysfonctions-et-stabilite-occlusale-une-approche-myofasciale-integree-avec-exercices-therapeutiques-paul-evans-d-o-et-dr-alain-aube\/","og_locale":"en_US","og_type":"article","og_title":"L\u2019ATM : Dysfonctions et Stabilit\u00e9 Occlusales Une approche myofasciale int\u00e9gr\u00e9e avec exercices th\u00e9rapeutiques. Paul Evans D.O et Dr Alain Aub\u00e9. | Institut Camirand Muzzi","og_url":"https:\/\/www.institutcamirandmuzzi.com\/produit\/latm-dysfonctions-et-stabilite-occlusale-une-approche-myofasciale-integree-avec-exercices-therapeutiques-paul-evans-d-o-et-dr-alain-aube\/","og_site_name":"Institut Camirand Muzzi","article_publisher":"https:\/\/www.facebook.com\/profile.php?id=100050764137042","article_modified_time":"2026-05-11T16:58:02+00:00","og_image":[{"width":1280,"height":720,"url":"https:\/\/www.institutcamirandmuzzi.com\/wp-content\/uploads\/2025\/08\/ATM3.jpg","type":"image\/jpeg"}],"twitter_card":"summary_large_image","twitter_site":"@camirandmuzzi","twitter_misc":{"Est. reading time":"1 minute"},"schema":{"@context":"https:\/\/schema.org","@graph":[{"@type":"WebPage","@id":"https:\/\/www.institutcamirandmuzzi.com\/produit\/latm-dysfonctions-et-stabilite-occlusale-une-approche-myofasciale-integree-avec-exercices-therapeutiques-paul-evans-d-o-et-dr-alain-aube\/","url":"https:\/\/www.institutcamirandmuzzi.com\/produit\/latm-dysfonctions-et-stabilite-occlusale-une-approche-myofasciale-integree-avec-exercices-therapeutiques-paul-evans-d-o-et-dr-alain-aube\/","name":"L\u2019ATM : Dysfonctions et Stabilit\u00e9 Occlusales Une approche myofasciale int\u00e9gr\u00e9e avec exercices th\u00e9rapeutiques. Paul Evans D.O et Dr Alain Aub\u00e9. | Institut Camirand Muzzi","isPartOf":{"@id":"https:\/\/www.institutcamirandmuzzi.com\/#website"},"primaryImageOfPage":{"@id":"https:\/\/www.institutcamirandmuzzi.com\/produit\/latm-dysfonctions-et-stabilite-occlusale-une-approche-myofasciale-integree-avec-exercices-therapeutiques-paul-evans-d-o-et-dr-alain-aube\/#primaryimage"},"image":{"@id":"https:\/\/www.institutcamirandmuzzi.com\/produit\/latm-dysfonctions-et-stabilite-occlusale-une-approche-myofasciale-integree-avec-exercices-therapeutiques-paul-evans-d-o-et-dr-alain-aube\/#primaryimage"},"thumbnailUrl":"https:\/\/www.institutcamirandmuzzi.com\/wp-content\/uploads\/2025\/08\/ATM3.jpg","datePublished":"2025-08-05T15:36:28+00:00","dateModified":"2026-05-11T16:58:02+00:00","breadcrumb":{"@id":"https:\/\/www.institutcamirandmuzzi.com\/produit\/latm-dysfonctions-et-stabilite-occlusale-une-approche-myofasciale-integree-avec-exercices-therapeutiques-paul-evans-d-o-et-dr-alain-aube\/#breadcrumb"},"inLanguage":"en-US","potentialAction":[{"@type":"ReadAction","target":["https:\/\/www.institutcamirandmuzzi.com\/produit\/latm-dysfonctions-et-stabilite-occlusale-une-approche-myofasciale-integree-avec-exercices-therapeutiques-paul-evans-d-o-et-dr-alain-aube\/"]}]},{"@type":"ImageObject","inLanguage":"en-US","@id":"https:\/\/www.institutcamirandmuzzi.com\/produit\/latm-dysfonctions-et-stabilite-occlusale-une-approche-myofasciale-integree-avec-exercices-therapeutiques-paul-evans-d-o-et-dr-alain-aube\/#primaryimage","url":"https:\/\/www.institutcamirandmuzzi.com\/wp-content\/uploads\/2025\/08\/ATM3.jpg","contentUrl":"https:\/\/www.institutcamirandmuzzi.com\/wp-content\/uploads\/2025\/08\/ATM3.jpg","width":1280,"height":720},{"@type":"BreadcrumbList","@id":"https:\/\/www.institutcamirandmuzzi.com\/produit\/latm-dysfonctions-et-stabilite-occlusale-une-approche-myofasciale-integree-avec-exercices-therapeutiques-paul-evans-d-o-et-dr-alain-aube\/#breadcrumb","itemListElement":[{"@type":"ListItem","position":1,"name":"Accueil","item":"https:\/\/www.institutcamirandmuzzi.com\/en\/"},{"@type":"ListItem","position":2,"name":"Shop","item":"https:\/\/www.institutcamirandmuzzi.com\/en\/shop\/"},{"@type":"ListItem","position":3,"name":"L\u2019ATM : Dysfonctions et Stabilit\u00e9 Occlusales Une approche myofasciale int\u00e9gr\u00e9e avec exercices th\u00e9rapeutiques. Paul Evans D.O et Dr Alain Aub\u00e9."}]},{"@type":"WebSite","@id":"https:\/\/www.institutcamirandmuzzi.com\/#website","url":"https:\/\/www.institutcamirandmuzzi.com\/","name":"Institut Camirand Muzzi","description":"Formations continues en ost\u00e9opathie int\u00e9grative","publisher":{"@id":"https:\/\/www.institutcamirandmuzzi.com\/#organization"},"potentialAction":[{"@type":"SearchAction","target":{"@type":"EntryPoint","urlTemplate":"https:\/\/www.institutcamirandmuzzi.com\/?s={search_term_string}"},"query-input":{"@type":"PropertyValueSpecification","valueRequired":true,"valueName":"search_term_string"}}],"inLanguage":"en-US"},{"@type":"Organization","@id":"https:\/\/www.institutcamirandmuzzi.com\/#organization","name":"Institut Camirand Muzzi","alternateName":"Institut Camirand Muzzi","url":"https:\/\/www.institutcamirandmuzzi.com\/","logo":{"@type":"ImageObject","inLanguage":"en-US","@id":"https:\/\/www.institutcamirandmuzzi.com\/#\/schema\/logo\/image\/","url":"https:\/\/www.institutcamirandmuzzi.com\/wp-content\/uploads\/2021\/11\/icm.png","contentUrl":"https:\/\/www.institutcamirandmuzzi.com\/wp-content\/uploads\/2021\/11\/icm.png","width":250,"height":80,"caption":"Institut Camirand Muzzi"},"image":{"@id":"https:\/\/www.institutcamirandmuzzi.com\/#\/schema\/logo\/image\/"},"sameAs":["https:\/\/www.facebook.com\/profile.php?id=100050764137042","https:\/\/x.com\/camirandmuzzi"]}]}},"_links":{"self":[{"href":"https:\/\/www.institutcamirandmuzzi.com\/en\/wp-json\/wp\/v2\/product\/5294","targetHints":{"allow":["GET"]}}],"collection":[{"href":"https:\/\/www.institutcamirandmuzzi.com\/en\/wp-json\/wp\/v2\/product"}],"about":[{"href":"https:\/\/www.institutcamirandmuzzi.com\/en\/wp-json\/wp\/v2\/types\/product"}],"author":[{"embeddable":true,"href":"https:\/\/www.institutcamirandmuzzi.com\/en\/wp-json\/wp\/v2\/users\/4"}],"wp:featuredmedia":[{"embeddable":true,"href":"https:\/\/www.institutcamirandmuzzi.com\/en\/wp-json\/wp\/v2\/media\/5303"}],"wp:attachment":[{"href":"https:\/\/www.institutcamirandmuzzi.com\/en\/wp-json\/wp\/v2\/media?parent=5294"}],"wp:term":[{"taxonomy":"product_brand","embeddable":true,"href":"https:\/\/www.institutcamirandmuzzi.com\/en\/wp-json\/wp\/v2\/product_brand?post=5294"},{"taxonomy":"product_cat","embeddable":true,"href":"https:\/\/www.institutcamirandmuzzi.com\/en\/wp-json\/wp\/v2\/product_cat?post=5294"},{"taxonomy":"product_tag","embeddable":true,"href":"https:\/\/www.institutcamirandmuzzi.com\/en\/wp-json\/wp\/v2\/product_tag?post=5294"}],"curies":[{"name":"wp","href":"https:\/\/api.w.org\/{rel}","templated":true}]}}